{"id":2165,"date":"2021-01-22T16:35:16","date_gmt":"2021-01-22T16:35:16","guid":{"rendered":"https:\/\/agefriendlyhomes.ie\/abhair-acmhainni\/"},"modified":"2022-01-10T11:31:07","modified_gmt":"2022-01-10T11:31:07","slug":"abhair-acmhainni","status":"publish","type":"page","link":"https:\/\/agefriendlyhomes.ie\/ga\/abhair-acmhainni\/","title":{"rendered":"\u00c1bhair Acmhainn\u00ed"},"content":{"rendered":"\n<div class=\"wp-block-group pb-0\"><div class=\"wp-block-group__inner-container is-layout-flow wp-block-group-is-layout-flow\">\n<p class=\"mb-5\">\u00das\u00e1id na cnaip\u00ed seo th\u00edos le haghaidh na m\u00edreanna difri\u00fala den su\u00edomh gr\u00e9as\u00e1in a nasclean\u00faint.<\/p>\n\n\n\n<div class=\"wp-block-buttons is-content-justification-center is-layout-flex wp-block-buttons-is-layout-flex\">\n<div class=\"wp-block-button is-style-fill-lg\"><a class=\"wp-block-button__link has-secondary-background-color has-background\" href=\"https:\/\/agefriendlyhomes.ie\/resources\">Gach Acmhainn<\/a><\/div>\n<\/div>\n<\/div><\/div>\n\n<div class=\"wp-block-group alignfull my-0 has-light-background-color has-background\"><div class=\"wp-block-group__inner-container is-layout-flow wp-block-group-is-layout-flow\"><div class=\"alignwide\"><nav class=\"row posts row-cols-1 row-cols-md-2 g-4 py-5\" aria-label=\"\u00c1bhair\">\n         <div class=\"col\">\n    <a class=\"card text-white bg-primary border-none topics-parent\" href=\"https:\/\/agefriendlyhomes.ie\/ga\/\u00e1bhair\/age-friendly-training\/\" aria-label=\"Age Friendly Training\">\n    <div class=\"row g-0 h-100\">\n    <div class=\"col-4 bg-dark\">\n        <figure class=\"ratio ratio-16x9 h-100\">\n            <img loading=\"lazy\" decoding=\"async\" width=\"288\" height=\"223\" src=\"https:\/\/agefriendlyhomes.ie\/wp-content\/uploads\/2021\/11\/hpr-2-288x223.png\" class=\"card-img-top img-fluid wp-post-image\" alt=\"\" srcset=\"https:\/\/agefriendlyhomes.ie\/wp-content\/uploads\/2021\/11\/hpr-2-288x223.png 288w, https:\/\/agefriendlyhomes.ie\/wp-content\/uploads\/2021\/11\/hpr-2-567x438.png 567w, https:\/\/agefriendlyhomes.ie\/wp-content\/uploads\/2021\/11\/hpr-2.png 735w, https:\/\/agefriendlyhomes.ie\/wp-content\/uploads\/2021\/11\/hpr-2-288x223@2x.png 576w\" sizes=\"auto, (max-width: 288px) 100vw, 288px\" \/>        <\/figure>\n    <\/div>\n    <div class=\"col-8 d-flex\">\n      <div class=\"card-body align-self-center\">\n        <p class=\"card-title h4 text-light align-self-center m-0 px-xl-4\">\n            Age Friendly Training\n        <\/p>\n      <\/div>\n    <\/div>\n  <\/div>\n<\/a>\n    <\/div>\n         <div class=\"col\">\n    <a class=\"card text-white bg-primary border-none topics-parent\" href=\"https:\/\/agefriendlyhomes.ie\/ga\/\u00e1bhair\/an-beartas-an-phleanail-agus-rialachain-foirgniochta\/\" aria-label=\"An Beartas, an Phlean\u00e1il agus Rialach\u00e1in Foirgn\u00edochta\">\n    <div class=\"row g-0 h-100\">\n    <div class=\"col-4 bg-dark\">\n        <figure class=\"ratio ratio-16x9 h-100\">\n            <img loading=\"lazy\" decoding=\"async\" width=\"288\" height=\"207\" src=\"https:\/\/agefriendlyhomes.ie\/wp-content\/uploads\/2021\/02\/ATHBOY_STILLS_JPG_-025-288x207.jpg\" class=\"card-img-top img-fluid wp-post-image\" alt=\"\" srcset=\"https:\/\/agefriendlyhomes.ie\/wp-content\/uploads\/2021\/02\/ATHBOY_STILLS_JPG_-025-288x207.jpg 288w, https:\/\/agefriendlyhomes.ie\/wp-content\/uploads\/2021\/02\/ATHBOY_STILLS_JPG_-025-960x692.jpg 960w, https:\/\/agefriendlyhomes.ie\/wp-content\/uploads\/2021\/02\/ATHBOY_STILLS_JPG_-025-567x409.jpg 567w, https:\/\/agefriendlyhomes.ie\/wp-content\/uploads\/2021\/02\/ATHBOY_STILLS_JPG_-025.jpg 1499w, https:\/\/agefriendlyhomes.ie\/wp-content\/uploads\/2021\/02\/ATHBOY_STILLS_JPG_-025-288x207@2x.jpg 576w, https:\/\/agefriendlyhomes.ie\/wp-content\/uploads\/2021\/02\/ATHBOY_STILLS_JPG_-025-567x409@2x.jpg 1134w\" sizes=\"auto, (max-width: 288px) 100vw, 288px\" \/>        <\/figure>\n    <\/div>\n    <div class=\"col-8 d-flex\">\n      <div class=\"card-body align-self-center\">\n        <p class=\"card-title h4 text-light align-self-center m-0 px-xl-4\">\n            An Beartas, an Phlean\u00e1il agus Rialach\u00e1in Foirgn\u00edochta\n        <\/p>\n      <\/div>\n    <\/div>\n  <\/div>\n<\/a>\n    <\/div>\n         <div class=\"col\">\n    <a class=\"card text-white bg-primary border-none topics-parent\" href=\"https:\/\/agefriendlyhomes.ie\/ga\/\u00e1bhair\/riocht-phoibli-a-thacaionn-le-daoine-breacaosta\/\" aria-label=\"R\u00edocht Phoibl\u00ed a Thaca\u00edonn le Daoine Breacaosta\">\n    <div class=\"row g-0 h-100\">\n    <div class=\"col-4 bg-dark\">\n        <figure class=\"ratio ratio-16x9 h-100\">\n            <img loading=\"lazy\" decoding=\"async\" width=\"288\" height=\"192\" src=\"https:\/\/agefriendlyhomes.ie\/wp-content\/uploads\/2021\/02\/HAIL-2-288x192.jpg\" class=\"card-img-top img-fluid wp-post-image\" alt=\"\" srcset=\"https:\/\/agefriendlyhomes.ie\/wp-content\/uploads\/2021\/02\/HAIL-2-288x192.jpg 288w, https:\/\/agefriendlyhomes.ie\/wp-content\/uploads\/2021\/02\/HAIL-2-960x640.jpg 960w, https:\/\/agefriendlyhomes.ie\/wp-content\/uploads\/2021\/02\/HAIL-2-1920x1280.jpg 1920w, https:\/\/agefriendlyhomes.ie\/wp-content\/uploads\/2021\/02\/HAIL-2-567x378.jpg 567w, https:\/\/agefriendlyhomes.ie\/wp-content\/uploads\/2021\/02\/HAIL-2-288x192@2x.jpg 576w, https:\/\/agefriendlyhomes.ie\/wp-content\/uploads\/2021\/02\/HAIL-2-567x378@2x.jpg 1134w\" sizes=\"auto, (max-width: 288px) 100vw, 288px\" \/>        <\/figure>\n    <\/div>\n    <div class=\"col-8 d-flex\">\n      <div class=\"card-body align-self-center\">\n        <p class=\"card-title h4 text-light align-self-center m-0 px-xl-4\">\n            R\u00edocht Phoibl\u00ed a Thaca\u00edonn le Daoine Breacaosta\n        <\/p>\n      <\/div>\n    <\/div>\n  <\/div>\n<\/a>\n    <\/div>\n         <div class=\"col\">\n    <a class=\"card text-white bg-primary border-none topics-parent\" href=\"https:\/\/agefriendlyhomes.ie\/ga\/\u00e1bhair\/tacaiochtai-curaim-shoisialta-slainte\/\" aria-label=\"Taca\u00edochta\u00ed C\u00faraim Sh\u00f3isialta &#038; Sl\u00e1inte\">\n    <div class=\"row g-0 h-100\">\n    <div class=\"col-4 bg-dark\">\n        <figure class=\"ratio ratio-16x9 h-100\">\n            <img loading=\"lazy\" decoding=\"async\" width=\"288\" height=\"230\" src=\"https:\/\/agefriendlyhomes.ie\/wp-content\/uploads\/2021\/02\/EmburyCloseWalkathon-288x230.jpg\" class=\"card-img-top img-fluid wp-post-image\" alt=\"EmburyCloseWalkathon\" srcset=\"https:\/\/agefriendlyhomes.ie\/wp-content\/uploads\/2021\/02\/EmburyCloseWalkathon-288x230.jpg 288w, https:\/\/agefriendlyhomes.ie\/wp-content\/uploads\/2021\/02\/EmburyCloseWalkathon-960x768.jpg 960w, https:\/\/agefriendlyhomes.ie\/wp-content\/uploads\/2021\/02\/EmburyCloseWalkathon-1920x1536.jpg 1920w, https:\/\/agefriendlyhomes.ie\/wp-content\/uploads\/2021\/02\/EmburyCloseWalkathon-567x453.jpg 567w, https:\/\/agefriendlyhomes.ie\/wp-content\/uploads\/2021\/02\/EmburyCloseWalkathon.jpg 2048w, https:\/\/agefriendlyhomes.ie\/wp-content\/uploads\/2021\/02\/EmburyCloseWalkathon-288x230@2x.jpg 576w, https:\/\/agefriendlyhomes.ie\/wp-content\/uploads\/2021\/02\/EmburyCloseWalkathon-567x453@2x.jpg 1134w\" sizes=\"auto, (max-width: 288px) 100vw, 288px\" \/>        <\/figure>\n    <\/div>\n    <div class=\"col-8 d-flex\">\n      <div class=\"card-body align-self-center\">\n        <p class=\"card-title h4 text-light align-self-center m-0 px-xl-4\">\n            Taca\u00edochta\u00ed C\u00faraim Sh\u00f3isialta &#038; Sl\u00e1inte\n        <\/p>\n      <\/div>\n    <\/div>\n  <\/div>\n<\/a>\n    <\/div>\n         <div class=\"col\">\n    <a class=\"card text-white bg-primary border-none topics-parent\" href=\"https:\/\/agefriendlyhomes.ie\/ga\/\u00e1bhair\/deontais-agus-maoiniu\/\" aria-label=\"Deontais agus Maoini\u00fa\">\n    <div class=\"row g-0 h-100\">\n    <div class=\"col-4 bg-dark\">\n        <figure class=\"ratio ratio-16x9 h-100\">\n            <img loading=\"lazy\" decoding=\"async\" width=\"288\" height=\"192\" src=\"https:\/\/agefriendlyhomes.ie\/wp-content\/uploads\/2021\/01\/ClannImage-288x192.jpeg\" class=\"card-img-top img-fluid wp-post-image\" alt=\"\" srcset=\"https:\/\/agefriendlyhomes.ie\/wp-content\/uploads\/2021\/01\/ClannImage-288x192.jpeg 288w, https:\/\/agefriendlyhomes.ie\/wp-content\/uploads\/2021\/01\/ClannImage-960x640.jpeg 960w, https:\/\/agefriendlyhomes.ie\/wp-content\/uploads\/2021\/01\/ClannImage-567x378.jpeg 567w, https:\/\/agefriendlyhomes.ie\/wp-content\/uploads\/2021\/01\/ClannImage.jpeg 1600w, https:\/\/agefriendlyhomes.ie\/wp-content\/uploads\/2021\/01\/ClannImage-288x192@2x.jpeg 576w, https:\/\/agefriendlyhomes.ie\/wp-content\/uploads\/2021\/01\/ClannImage-567x378@2x.jpeg 1134w\" sizes=\"auto, (max-width: 288px) 100vw, 288px\" \/>        <\/figure>\n    <\/div>\n    <div class=\"col-8 d-flex\">\n      <div class=\"card-body align-self-center\">\n        <p class=\"card-title h4 text-light align-self-center m-0 px-xl-4\">\n            Deontais agus Maoini\u00fa\n        <\/p>\n      <\/div>\n    <\/div>\n  <\/div>\n<\/a>\n    <\/div>\n         <div class=\"col\">\n    <a class=\"card text-white bg-primary border-none topics-parent\" href=\"https:\/\/agefriendlyhomes.ie\/ga\/\u00e1bhair\/pleanail-dearadh-aoisbhauil\/\" aria-label=\"Plean\u00e1il &#038; Dearadh Aoisbh\u00e1\u00fail\">\n    <div class=\"row g-0 h-100\">\n    <div class=\"col-4 bg-dark\">\n        <figure class=\"ratio ratio-16x9 h-100\">\n            <img loading=\"lazy\" decoding=\"async\" width=\"288\" height=\"192\" src=\"https:\/\/agefriendlyhomes.ie\/wp-content\/uploads\/2021\/01\/20022014_ABK04_Southill_Older_021m-288x192.jpg\" class=\"card-img-top img-fluid wp-post-image\" alt=\"\" srcset=\"https:\/\/agefriendlyhomes.ie\/wp-content\/uploads\/2021\/01\/20022014_ABK04_Southill_Older_021m-288x192.jpg 288w, https:\/\/agefriendlyhomes.ie\/wp-content\/uploads\/2021\/01\/20022014_ABK04_Southill_Older_021m-960x640.jpg 960w, https:\/\/agefriendlyhomes.ie\/wp-content\/uploads\/2021\/01\/20022014_ABK04_Southill_Older_021m-1920x1279.jpg 1920w, https:\/\/agefriendlyhomes.ie\/wp-content\/uploads\/2021\/01\/20022014_ABK04_Southill_Older_021m-567x378.jpg 567w, https:\/\/agefriendlyhomes.ie\/wp-content\/uploads\/2021\/01\/20022014_ABK04_Southill_Older_021m-288x192@2x.jpg 576w, https:\/\/agefriendlyhomes.ie\/wp-content\/uploads\/2021\/01\/20022014_ABK04_Southill_Older_021m-567x378@2x.jpg 1134w\" sizes=\"auto, (max-width: 288px) 100vw, 288px\" \/>        <\/figure>\n    <\/div>\n    <div class=\"col-8 d-flex\">\n      <div class=\"card-body align-self-center\">\n        <p class=\"card-title h4 text-light align-self-center m-0 px-xl-4\">\n            Plean\u00e1il &#038; Dearadh Aoisbh\u00e1\u00fail\n        <\/p>\n      <\/div>\n    <\/div>\n  <\/div>\n<\/a>\n    <\/div>\n         <div class=\"col\">\n    <a class=\"card text-white bg-primary border-none topics-parent\" href=\"https:\/\/agefriendlyhomes.ie\/ga\/\u00e1bhair\/bailte-a-oireann-do-dhaoine-aosta\/\" aria-label=\"Bailte a Oireann do Dhaoine Aosta\">\n    <div class=\"row g-0 h-100\">\n    <div class=\"col-4 bg-dark\">\n        <figure class=\"ratio ratio-16x9 h-100\">\n            <img loading=\"lazy\" decoding=\"async\" width=\"288\" height=\"192\" src=\"https:\/\/agefriendlyhomes.ie\/wp-content\/uploads\/2021\/01\/Pic1-288x192.jpg\" class=\"card-img-top img-fluid wp-post-image\" alt=\"Radharc Bhinn Ghuire\" srcset=\"https:\/\/agefriendlyhomes.ie\/wp-content\/uploads\/2021\/01\/Pic1-288x192.jpg 288w, https:\/\/agefriendlyhomes.ie\/wp-content\/uploads\/2021\/01\/Pic1-960x640.jpg 960w, https:\/\/agefriendlyhomes.ie\/wp-content\/uploads\/2021\/01\/Pic1-1920x1280.jpg 1920w, https:\/\/agefriendlyhomes.ie\/wp-content\/uploads\/2021\/01\/Pic1-567x378.jpg 567w, https:\/\/agefriendlyhomes.ie\/wp-content\/uploads\/2021\/01\/Pic1-288x192@2x.jpg 576w, https:\/\/agefriendlyhomes.ie\/wp-content\/uploads\/2021\/01\/Pic1-567x378@2x.jpg 1134w\" sizes=\"auto, (max-width: 288px) 100vw, 288px\" \/>        <\/figure>\n    <\/div>\n    <div class=\"col-8 d-flex\">\n      <div class=\"card-body align-self-center\">\n        <p class=\"card-title h4 text-light align-self-center m-0 px-xl-4\">\n            Bailte a Oireann do Dhaoine Aosta\n        <\/p>\n      <\/div>\n    <\/div>\n  <\/div>\n<\/a>\n    <\/div>\n      <\/nav>\n<\/div>\n<\/div><\/div>\n","protected":false},"excerpt":{"rendered":"<p>\u00das\u00e1id na cnaip\u00ed seo th\u00edos le haghaidh na m\u00edreanna difri\u00fala den su\u00edomh gr\u00e9as\u00e1in a nasclean\u00faint.<\/p>\n","protected":false},"author":9992,"featured_media":0,"parent":0,"menu_order":31,"comment_status":"closed","ping_status":"closed","template":"","meta":{"_acf_changed":false,"inline_featured_image":false,"_monsterinsights_skip_tracking":false,"_monsterinsights_sitenote_active":false,"_monsterinsights_sitenote_note":"","_monsterinsights_sitenote_category":0,"_EventAllDay":false,"_EventTimezone":"","_EventStartDate":"","_EventEndDate":"","_EventStartDateUTC":"","_EventEndDateUTC":"","_EventShowMap":false,"_EventShowMapLink":false,"_EventURL":"","_EventCost":"","_EventCostDescription":"","_EventCurrencySymbol":"","_EventCurrencyCode":"","_EventCurrencyPosition":"","_EventDateTimeSeparator":"","_EventTimeRangeSeparator":"","_EventOrganizerID":[],"_EventVenueID":[],"_OrganizerEmail":"","_OrganizerPhone":"","_OrganizerWebsite":"","_VenueAddress":"","_VenueCity":"","_VenueCountry":"","_VenueProvince":"","_VenueState":"","_VenueZip":"","_VenuePhone":"","_VenueURL":"","_VenueStateProvince":"","_VenueLat":"","_VenueLng":"","_VenueShowMap":false,"_VenueShowMapLink":false,"footnotes":""},"class_list":["post-2165","page","type-page","status-publish","hentry"],"acf":[],"_links":{"self":[{"href":"https:\/\/agefriendlyhomes.ie\/ga\/wp-json\/wp\/v2\/pages\/2165","targetHints":{"allow":["GET"]}}],"collection":[{"href":"https:\/\/agefriendlyhomes.ie\/ga\/wp-json\/wp\/v2\/pages"}],"about":[{"href":"https:\/\/agefriendlyhomes.ie\/ga\/wp-json\/wp\/v2\/types\/page"}],"author":[{"embeddable":true,"href":"https:\/\/agefriendlyhomes.ie\/ga\/wp-json\/wp\/v2\/users\/9992"}],"replies":[{"embeddable":true,"href":"https:\/\/agefriendlyhomes.ie\/ga\/wp-json\/wp\/v2\/comments?post=2165"}],"version-history":[{"count":2,"href":"https:\/\/agefriendlyhomes.ie\/ga\/wp-json\/wp\/v2\/pages\/2165\/revisions"}],"predecessor-version":[{"id":2184,"href":"https:\/\/agefriendlyhomes.ie\/ga\/wp-json\/wp\/v2\/pages\/2165\/revisions\/2184"}],"wp:attachment":[{"href":"https:\/\/agefriendlyhomes.ie\/ga\/wp-json\/wp\/v2\/media?parent=2165"}],"curies":[{"name":"wp","href":"https:\/\/api.w.org\/{rel}","templated":true}]}}