{"id":1694,"date":"2021-02-17T10:22:15","date_gmt":"2021-02-17T10:22:15","guid":{"rendered":"https:\/\/agefriendlyhomes.ie\/topics\/deontais-oiriunaithe-tithe\/"},"modified":"2021-08-20T12:43:10","modified_gmt":"2021-08-20T11:43:10","slug":"deontais-oiriunaithe-tithe","status":"publish","type":"topics","link":"https:\/\/agefriendlyhomes.ie\/ga\/\u00e1bhair\/deontais-agus-maoiniu\/deontais-oiriunaithe-tithe\/","title":{"rendered":"Deontais Oiri\u00fanaithe Tithe"},"content":{"rendered":"\n<p>T\u00e1 tr\u00ed chine\u00e1l deontais ar f\u00e1il do dhaoine scothaosta agus do dhaoine faoi mh\u00edchumas chun tac\u00fa leo a dtithe a oiri\u00fan\u00fa.<\/p>\n\n<ol class=\"wp-block-list\" type=\"1\"><li><ol>&#13;\n \t<li>Sol\u00e1thra\u00edonn an Deontais Oiri\u00fanaithe Tithe do Dhaoine faoi Mh\u00edchumas suas le \u20ac30,000 chun cabhr\u00fa le daoine faoi mh\u00edchumas oiri\u00fanuithe, deisi\u00fach\u00e1in n\u00f3 oibreacha feabhais riachtanacha a dh\u00e9anamh ionas go mbeidh a gc\u00f3ir\u00edocht n\u00edos oiri\u00fana\u00ed d\u00e1 riachtanais. T\u00e1 tuilleadh eolais le f\u00e1il ar <a href=\"about:blank\">shu\u00edomh gr\u00e9as\u00e1in na Roinne Tith\u00edochta, Rialtais \u00c1iti\u00fail agus Oidhreachta.<\/a><\/li>&#13;\n<\/ol><\/li><li><ol>&#13;\n \t<li>Sol\u00e1thra\u00edonn Deontas na n\u00c1iseanna Soghluaisteachta suas le \u20ac6,000 chun \u00edoc as an gcostas a bhaineann le hoibreacha bun\u00fasacha chun fadhbanna soghluaisteachta a r\u00e9iteach. \u00c1ir\u00edtear i measc na n-oibreacha c\u00e1ilitheacha cathaoireacha staighre, cithfholcad\u00e1in boinn leibh\u00e9alta, rampa\u00ed rochtana, greimr\u00e1ill\u00ed agus roinnt mionoibreacha oiri\u00fanaithe. T\u00e1 an deontas seo t\u00e1st\u00e1ilte \u00f3 thaobh acmhainne de. T\u00e1 tuilleadh eolais maidir le deontas na n-\u00e1iseanna soghluaisteachta le f\u00e1il <a href=\"about:blank\">ar shu\u00edomh gr\u00e9as\u00e1in na Roinne Tith\u00edochta, Rialtais \u00c1iti\u00fail agus Oidhreachta<\/a> agus ar <a href=\"about:blank\">shu\u00edomh gr\u00e9as\u00e1in Fhaisn\u00e9is do Shaor\u00e1naigh<\/a>.<\/li>&#13;\n<\/ol><\/li><li><ol>&#13;\n \t<li>Sol\u00e1thra\u00edonn Deontas na n\u00c1iseanna Tith\u00edochta do Dhaoine Scothaosta suas le \u20ac8,000 chun cabhr\u00fa le daoine scothaosta at\u00e1 ina gc\u00f3na\u00ed i dtithe ina bhfuil na coinn\u00edollacha neamhfhabhracha chun deisi\u00fach\u00e1in n\u00f3 feabhsuithe riachtanacha a chur i gcr\u00edch. \u00c1ir\u00edtear i measc na n-oibreacha inch\u00e1ilithe deisi\u00fach\u00e1in n\u00f3 feabhsuithe strucht\u00fartha, athshreang\u00fa, deisi\u00fach\u00e1in n\u00f3 athshol\u00e1thar fuinneog agus doirse, sol\u00e1thar uisce agus saor\u00e1id\u00ed sl\u00e1int\u00edochta, c\u00f3ras teasa etc. T\u00e1 an deontas seo t\u00e1st\u00e1ilte \u00f3 thaobh acmhainne de. T\u00e1 tuilleadh eolais le f\u00e1il<a href=\"about:blank\">ar shu\u00edomh gr\u00e9as\u00e1in na Roinne Tith\u00edochta, Rialtais \u00c1iti\u00fail<\/a> agus <a href=\"about:blank\">ar shu\u00edomh gr\u00e9as\u00e1in Fhaisn\u00e9is do Shaor\u00e1naigh<\/a>.<\/li>&#13;\n<\/ol><\/li><\/ol>\n\n<p>Ba cheart foirmeacha iarratais comhl\u00e1naithe a sheoladh ar ais chuig <a href=\"about:blank\">d\u2019Oifig \u00dadar\u00e1is \u00c1iti\u00fail.<\/a><\/p>\n\n<p>T\u00e1 tuilleadh eolais maidir le tithe a oiri\u00fan\u00fa do dhaoine de r\u00e9ir mar a th\u00e9ann siad in aois le f\u00e1il ar <a href=\"about:blank\">shu\u00edomh gr\u00e9as\u00e1in Fhaisn\u00e9is do Shaor\u00e1naigh.<\/a><\/p>\n","protected":false},"featured_media":0,"parent":1724,"menu_order":24,"template":"","meta":{"_acf_changed":false,"inline_featured_image":false,"_monsterinsights_skip_tracking":false,"_monsterinsights_sitenote_active":false,"_monsterinsights_sitenote_note":"","_monsterinsights_sitenote_category":0,"_EventAllDay":false,"_EventTimezone":"","_EventStartDate":"","_EventEndDate":"","_EventStartDateUTC":"","_EventEndDateUTC":"","_EventShowMap":false,"_EventShowMapLink":false,"_EventURL":"","_EventCost":"","_EventCostDescription":"","_EventCurrencySymbol":"","_EventCurrencyCode":"","_EventCurrencyPosition":"","_EventDateTimeSeparator":"","_EventTimeRangeSeparator":"","_EventOrganizerID":[],"_EventVenueID":[],"_OrganizerEmail":"","_OrganizerPhone":"","_OrganizerWebsite":"","_VenueAddress":"","_VenueCity":"","_VenueCountry":"","_VenueProvince":"","_VenueState":"","_VenueZip":"","_VenuePhone":"","_VenueURL":"","_VenueStateProvince":"","_VenueLat":"","_VenueLng":"","_VenueShowMap":false,"_VenueShowMapLink":false,"footnotes":""},"class_list":["post-1694","topics","type-topics","status-publish","hentry"],"acf":[],"_links":{"self":[{"href":"https:\/\/agefriendlyhomes.ie\/ga\/wp-json\/wp\/v2\/topics\/1694","targetHints":{"allow":["GET"]}}],"collection":[{"href":"https:\/\/agefriendlyhomes.ie\/ga\/wp-json\/wp\/v2\/topics"}],"about":[{"href":"https:\/\/agefriendlyhomes.ie\/ga\/wp-json\/wp\/v2\/types\/topics"}],"version-history":[{"count":1,"href":"https:\/\/agefriendlyhomes.ie\/ga\/wp-json\/wp\/v2\/topics\/1694\/revisions"}],"predecessor-version":[{"id":1695,"href":"https:\/\/agefriendlyhomes.ie\/ga\/wp-json\/wp\/v2\/topics\/1694\/revisions\/1695"}],"up":[{"embeddable":true,"href":"https:\/\/agefriendlyhomes.ie\/ga\/wp-json\/wp\/v2\/topics\/1724"}],"wp:attachment":[{"href":"https:\/\/agefriendlyhomes.ie\/ga\/wp-json\/wp\/v2\/media?parent=1694"}],"curies":[{"name":"wp","href":"https:\/\/api.w.org\/{rel}","templated":true}]}}