{"id":1700,"date":"2021-02-17T10:37:06","date_gmt":"2021-02-17T10:37:06","guid":{"rendered":"https:\/\/agefriendlyhomes.ie\/topics\/tithe-altranais\/"},"modified":"2021-08-20T14:22:37","modified_gmt":"2021-08-20T13:22:37","slug":"tithe-altranais","status":"publish","type":"topics","link":"https:\/\/agefriendlyhomes.ie\/ga\/\u00e1bhair\/bailte-a-oireann-do-dhaoine-aosta\/tithe-altranais\/","title":{"rendered":"Tithe Altranais"},"content":{"rendered":"\n<p>Go minic b\u00edonn c\u00faram c\u00f3naithe ag teast\u00e1il \u00f3 dhaoine i ndiaidh tr\u00e9imhse a chaitheamh san ospid\u00e9al, n\u00f3 b\u2019fh\u00e9idir gurb \u00e9 c\u00faram c\u00f3naithe an rogha is fearr nuair nach f\u00e9idir le duine scothaosta maireacht\u00e1il ina (h)aonar n\u00edos m\u00f3, mar gheall ar thinneas n\u00f3 m\u00edchumas. N\u00ed bheidh c\u00faram c\u00f3naithe n\u00f3 c\u00faram i dteach altranais ag teast\u00e1il ach \u00f3 thart ar 5% de gach duine scothaosta. <\/p>\n\n<p>Sol\u00e1thra\u00edonn FSS raon leathan seirbh\u00eds\u00ed at\u00e1 deartha chun tac\u00fa le daoine fanacht ina gc\u00f3na\u00ed ina dtithe f\u00e9in, ach nuair a theasta\u00edonn c\u00faram i dteach altranais \u00f3 dhaoine, uaireanta b\u00edonn s\u00e9 deacair teacht ar na seirbh\u00eds\u00ed at\u00e1 ar f\u00e1il agus eolas a fh\u00e1il faoi theidl\u00edochta\u00ed. T\u00e1 eolas maidir le tithe altranais le f\u00e1il ar <a href=\"about:blank\">shu\u00edomh gr\u00e9as\u00e1in FSS.<\/a><\/p>\n\n<p>T\u00e1 seicliosta cruthaithe ag FSS chun cabhr\u00fa le cinnt\u00ed a dh\u00e9anamh maidir le teach altranais phr\u00edobh\u00e1idigh a roghn\u00fa at\u00e1 le f\u00e1il <a href=\"about:blank\">anseo, ar shu\u00edomh gr\u00e9as\u00e1in FSS.<\/a><\/p>\n\n<p>Anseo th\u00edos t\u00e1 na c\u00e9imeanna a mholann FSS a d\u2019fh\u00e9adfadh cabhr\u00fa leat leis an gcinneadh seo:<\/p>\n\n<ol class=\"wp-block-list\"><li>1.\tSeice\u00e1il su\u00edomh gr\u00e9as\u00e1in FSS\/HIQA chun liosta de na tithe altranais sa cheantar \u00e1iti\u00fail a fh\u00e1il. Labhair le daoine a bhfuil muin\u00edn agat astu agus a bhfuil taith\u00ed phearsanta acu ar thithe altranais, agus b\u2019fh\u00e9idir go mbeid\u00eds in ann teach altranais a mholadh duit.<\/li><li><ol>&#13;\n \t<li>D\u00e9an compar\u00e1id idir caighde\u00e1n na dtithe altranais at\u00e1 \u00e1 meas. F\u00e9ach ar<a href=\"about:blank\">na tuarasc\u00e1lacha cigireachta<\/a>. N\u00edor cheart f\u00e9achaint ar na tuarasc\u00e1lacha seo ina n-aonar de bhr\u00ed go dtugtar l\u00e9argas iontu ar phointe ama ar leith ach d\u2019fh\u00e9adfaid\u00eds cabhr\u00fa leat cinneadh eolach a dh\u00e9anamh.<\/li>&#13;\n<\/ol><\/li><li>3.\tTabhair cuairt ar na tithe altranais a bhfuil sp\u00e9is agat iontu n\u00f3 iarr ar dhuine \u00e9igin eile cuairt a thabhairt orthu. M\u00e1 thugann t\u00fa cuairt ar theach altranais beidh deis agat na c\u00f3naitheoir\u00ed, an fhoireann agus su\u00edomh an t\u00ed altranais a fheice\u00e1il. Roimh do chuairt, smaoinigh ar na ruda\u00ed a mbaineann t\u00e1bhacht leo dar leat. N\u00e1 b\u00edodh imn\u00ed ort ceisteanna a chur, iarr ar an bhfoireann aon rud a fheiceann t\u00fa agus a chloiseann t\u00fa nach dtuigeann t\u00fa a mh\u00edni\u00fa, faigh amach c\u00e9 ba cheart glaoch air m\u00e1 ritheann tuilleadh ceisteanna leat. Tabhair cuairt ar an teach altranais am \u00e9igin eile ar l\u00e1 difri\u00fail agus ag am difri\u00fail i gcompar\u00e1id leis an gc\u00e9ad chuairt a thug t\u00fa ar an teach altranais. D\u00e9an iarracht cuairt a thabhairt ar theach altranais d\u00e9anach ar maidin n\u00f3 ag me\u00e1n lae. Tabharfaidh s\u00e9 seo deis duit na c\u00f3naitheoir\u00ed a fheice\u00e1il i rith an lae, ag amanna b\u00e9ile agus s\u00fail a chaitheamh ar na gn\u00edomha\u00edochta\u00ed a bh\u00edonn ar bun. B\u2019fh\u00e9idir go mbeadh ort coinne a dh\u00e9anamh roimh do ch\u00e9ad chuairt<\/li><\/ol>\n\n<p>Sol\u00e1thra\u00edonn an sc\u00e9im <em>Beart Cothrom <\/em>taca\u00edocht airgeadais chun cabhr\u00fa leis an gcostas a bhaineann le c\u00faram i dteach altranais a \u00edoc. T\u00e1 tuilleadh eolais le f\u00e1il <a href=\"about:blank\">ar an rann\u00f3g seo de shu\u00edomh gr\u00e9as\u00e1in FSS. <\/a><\/p>\n\n<h3 class=\"wp-block-heading\">Naisc \u00das\u00e1ideacha<\/h3>\n\n<ul class=\"wp-block-list\"><li><ul>&#13;\n \t<li><a href=\"about:blank\"><strong>Caighde\u00e1in N\u00e1isi\u00fanta do Shu\u00edomhanna C\u00faraim Ch\u00f3naithe do Dhaoine Scothaosta in \u00c9irinn\u00a0 <\/strong><\/a><\/li>&#13;\n<\/ul><\/li><\/ul>\n\n<ul class=\"wp-block-list\"><li><ul>&#13;\n \t<li><a href=\"about:blank\"><strong>Treoir maidir le Cur Chuige bunaithe ar Chearta Daonna i Seirbh\u00eds\u00ed Sl\u00e1inte agus C\u00faraim Sh\u00f3isialta<\/strong><\/a><\/li>&#13;\n<\/ul><\/li><\/ul>\n\n<ul class=\"wp-block-list\"><li><ul>&#13;\n \t<li><a href=\"about:blank\"><strong>Caighde\u00e1in N\u00e1isi\u00fanta le haghaidh cosc agus rial\u00fa ionfhabhtaithe (CRI) i seirbh\u00eds\u00ed pobail<\/strong><\/a><\/li>&#13;\n<\/ul><\/li><\/ul>\n\n<ul class=\"wp-block-list\"><li><ul>&#13;\n \t<li><a href=\"about:blank\"><strong>Tuarasc\u00e1il achoimre maidir le rial\u00e1il l\u00e1rionad ainmnithe do dhaoine scothaosta \u2013 2019<\/strong><\/a><\/li>&#13;\n<\/ul><\/li><\/ul>\n","protected":false},"featured_media":0,"parent":1833,"menu_order":19,"template":"","meta":{"_acf_changed":false,"inline_featured_image":false,"_monsterinsights_skip_tracking":false,"_monsterinsights_sitenote_active":false,"_monsterinsights_sitenote_note":"","_monsterinsights_sitenote_category":0,"_EventAllDay":false,"_EventTimezone":"","_EventStartDate":"","_EventEndDate":"","_EventStartDateUTC":"","_EventEndDateUTC":"","_EventShowMap":false,"_EventShowMapLink":false,"_EventURL":"","_EventCost":"","_EventCostDescription":"","_EventCurrencySymbol":"","_EventCurrencyCode":"","_EventCurrencyPosition":"","_EventDateTimeSeparator":"","_EventTimeRangeSeparator":"","_EventOrganizerID":[],"_EventVenueID":[],"_OrganizerEmail":"","_OrganizerPhone":"","_OrganizerWebsite":"","_VenueAddress":"","_VenueCity":"","_VenueCountry":"","_VenueProvince":"","_VenueState":"","_VenueZip":"","_VenuePhone":"","_VenueURL":"","_VenueStateProvince":"","_VenueLat":"","_VenueLng":"","_VenueShowMap":false,"_VenueShowMapLink":false,"footnotes":""},"class_list":["post-1700","topics","type-topics","status-publish","hentry"],"acf":[],"_links":{"self":[{"href":"https:\/\/agefriendlyhomes.ie\/ga\/wp-json\/wp\/v2\/topics\/1700","targetHints":{"allow":["GET"]}}],"collection":[{"href":"https:\/\/agefriendlyhomes.ie\/ga\/wp-json\/wp\/v2\/topics"}],"about":[{"href":"https:\/\/agefriendlyhomes.ie\/ga\/wp-json\/wp\/v2\/types\/topics"}],"version-history":[{"count":1,"href":"https:\/\/agefriendlyhomes.ie\/ga\/wp-json\/wp\/v2\/topics\/1700\/revisions"}],"predecessor-version":[{"id":1701,"href":"https:\/\/agefriendlyhomes.ie\/ga\/wp-json\/wp\/v2\/topics\/1700\/revisions\/1701"}],"up":[{"embeddable":true,"href":"https:\/\/agefriendlyhomes.ie\/ga\/wp-json\/wp\/v2\/topics\/1833"}],"wp:attachment":[{"href":"https:\/\/agefriendlyhomes.ie\/ga\/wp-json\/wp\/v2\/media?parent=1700"}],"curies":[{"name":"wp","href":"https:\/\/api.w.org\/{rel}","templated":true}]}}