{"id":1708,"date":"2021-02-22T11:01:29","date_gmt":"2021-02-22T11:01:29","guid":{"rendered":"https:\/\/agefriendlyhomes.ie\/topics\/inbhuanaitheacht\/"},"modified":"2021-08-20T16:55:18","modified_gmt":"2021-08-20T15:55:18","slug":"inbhuanaitheacht","status":"publish","type":"topics","link":"https:\/\/agefriendlyhomes.ie\/ga\/\u00e1bhair\/pleanail-dearadh-aoisbhauil\/inbhuanaitheacht\/","title":{"rendered":"Inbhuanaitheacht"},"content":{"rendered":"\n<p>Is f\u00e9idir leis na cinnt\u00ed cearta dearaidh maidir le foirm an fhoirgnimh, leagan amach t\u00ed, leibh\u00e9il inslithe, m\u00e9id agus treoshu\u00edomh gloinithe, \u00fas\u00e1id fuinnimh in-athnuaite, c\u00f3ras t\u00e9imh, rogha \u00e1bhar t\u00f3g\u00e1la agus bearta chun uisce a chaomhn\u00fa, cur go m\u00f3r le hinbhuanaitheacht t\u00ed. Ina theannta d&#8217;fh\u00e9adfa\u00ed coigiltis a dh\u00e9anamh sna costais reatha mar thoradh ar na cinnt\u00ed seo agus go mbeidh s\u00e9 i bhfad n\u00edos comporda\u00ed maireacht\u00e1il sa bhaile.<\/p>\n\n<p>De ghn\u00e1th, meastar go gcuims\u00edonn inbhuanaitheacht tr\u00ed chomhph\u00e1irt &#8211; s\u00f3isialta, eacnama\u00edoch agus comhshaoil.<\/p>\n\n<h2 class=\"wp-block-heading\">Tithe Aonair<\/h2>\n\n<p>Chun \u00e9ifeacht\u00falacht fuinnimh agus d\u00e1la\u00ed compordacha tithe a fheabhs\u00fa ar bhealach cost\u00e9ifeachtach caithfear go leor saincheisteanna a mheas go c\u00faramach ag c\u00e9im an dearaidh, mar dhl\u00fath\u00fa an dearaidh, treoshu\u00edmh, insli\u00fa theirmeach agus bainist\u00edocht athraithe aeir. N\u00edor cheart go mbeadh bainist\u00edocht ghn\u00edomhach an t\u00ed ag teast\u00e1il \u00f3 theach inbhuanaithe dea-dheartha agus ba cheart go leanfadh s\u00e9 de shochair chostais agus chompord a shol\u00e1thar ar feadh shaolr\u00e9 an fhoirgnimh. Ba cheart machnamh a dh\u00e9anamh freisin ar an gcothabh\u00e1il fhadt\u00e9armach a theasta\u00edonn chun an \u00e9ifeacht\u00falacht fuinnimh is fearr a chothabh\u00e1il, agus ar fhuinneamh corpraithe na n-\u00e1bhar n\u00f3 na gcomhph\u00e1irteanna beartaithe. T\u00e1 roinnt deontas ar f\u00e1il chun \u00e9ifeacht\u00falacht fuinnimh \u00e1r dtithe a fheabhs\u00fa. Is f\u00e9idir tuilleadh faisn\u00e9ise faoi na deontais seo a fh\u00e1il ar <a href=\"http:\/\/neo-devsite.tk\/topics\/age-friendly-homes\/retrofitting-and-renovation\/\" rel=\"noopener\">an leathanach maidir le hiarfheisti\u00fa agus athch\u00f3iri\u00fa ar \u00e1r l\u00e1ithre\u00e1n gr\u00e9as\u00e1in. <\/a><\/p>\n\n<p>Is \u00e9ard at\u00e1 i gceist le <a href=\"https:\/\/www.seai.ie\/home-energy\/building-energy-rating-ber\/\" rel=\"noopener\">R\u00e1t\u00e1il Fuinnimh Foirgnimh (BER)<\/a> t\u00ed, a chaithfear a shol\u00e1thar don cheannaitheoir n\u00f3 don tion\u00f3nta nuair a dh\u00e9antar foirgneamh a th\u00f3g\u00e1il, a dh\u00edol n\u00f3 a ligean ar c\u00edos, n\u00e1 lip\u00e9ad ina bhfuil feidhm\u00edocht fuinnimh an t\u00ed, arna l\u00e9iri\u00fa mar R\u00e1t\u00e1il Fuinnimh (A1, B1, B2, B3 srl) le haghaidh an baile. Cuims\u00edonn an BER meastach\u00e1n freisin ar na hastuithe CO2 a bhaineann leis an \u00fas\u00e1id fuinnimh seo agus tuarasc\u00e1il chomhairleach. T\u00e1 treoir agus c\u00fanamh maidir le h\u00fas\u00e1id inbhuanaithe fuinnimh ar f\u00e1il \u00f3 <a href=\"https:\/\/www.seai.ie\/\" rel=\"noopener\">\u00dadar\u00e1s Fuinnimh Inmharthana na h\u00c9ireann (SEAI).<\/a><\/p>\n\n<p>\u00d3n 1 Samhain 2019, t\u00e1 caighde\u00e1in t\u00f3g\u00e1la nua curtha i bhfeidhm maidir le gach teach c\u00f3naithe nua. Is gn\u00e1ch go mb\u00edonn R\u00e1t\u00e1il Fuinnimh Foirgnimh A2 de dh\u00edth ar thithe nua anois. Tugtar Foirgnimh nach m\u00f3r Neodrach \u00f3 Thaobh Fuinnimh (NZEB) ar thithe nua leis an ardleibh\u00e9al feidhm\u00edochta fuinnimh seo. Beidh tithe NZEB 70% n\u00edos t\u00edosa\u00ed ar fhuinneamh agus asta\u00edonn siad 70% n\u00edos l\u00fa d\u00e9-ocsa\u00edd charb\u00f3in n\u00e1 iad si\u00fad a t\u00f3gadh faoi chaighde\u00e1in\u00a0 <a href=\"http:\/\/www.irishstatutebook.ie\/eli\/2005\/si\/873\/made\/en\/print\" rel=\"noopener\">Rialach\u00e1in Fhoirgn\u00edochta 2005<\/a>. Mar thoradh ar na caighde\u00e1in nua t\u00e1 tithe nua n\u00edos t\u00edosa\u00ed ar fhuinneamh agus n\u00edos saoire le t\u00e9amh, agus tugann siad tairbh\u00ed sl\u00e1inte freisin tr\u00ed chompord m\u00e9adaithe agus c\u00e1il\u00edocht aeir n\u00edos fearr. Is f\u00e9idir tuilleadh faisn\u00e9ise faoi na caighde\u00e1in seo a fh\u00e1il <a href=\"https:\/\/www.gov.ie\/en\/publication\/1ca53-new-energy-efficiency-standards-for-new-dwellings\/\" rel=\"noopener\">ar l\u00e1ithre\u00e1n gr\u00e9as\u00e1in na Roinne Tith\u00edochta, Rialtais \u00c1iti\u00fail agus Oidhreachta. <\/a><\/p>\n\n<h2 class=\"wp-block-heading\">Macraleibh\u00e9al<\/h2>\n\n<p>Ag an macraileibh\u00e9al, is f\u00e9idir forbairt inbhuanaithe a bhaint amach mar seo a leanas:<\/p>\n\n<p>S\u00f3isialta:<\/p>\n\n<ul class=\"wp-block-list\"><li>\u2022\tTionacht Mheasctha &#8211; f\u00e9adann comhth\u00e1th\u00fa agus easpa aonraithe s\u00f3isialta deiseanna oideachais agus fosta\u00edochta n\u00edos fearr a shol\u00e1thar do gach gr\u00fapa ioncaim<\/li><\/ul>\n\n<p>oideachais agus fosta\u00edochta n\u00edos fearr a shol\u00e1thar do gach gr\u00fapa ioncaim Eacnama\u00edoch:<\/p>\n\n<ul class=\"wp-block-list\"><li> \u2022\tLonna\u00edocht n\u00edos dl\u00faithe &#8211; b\u00edonn n\u00edos m\u00f3 gn\u00f3tha\u00ed \u00e1iti\u00fala inmharthana<\/li><li>\u2022\tTr\u00e9scaoilteacht fheabhsaithe &#8211; m\u00e9ad\u00fa ar l\u00edon na ndaoine, ag cur borradh faoin ngn\u00f3 \u00e1iti\u00fail<\/li><li>\u2022\tLonna\u00edocht n\u00edos dl\u00faithe &#8211; n\u00edos m\u00f3 tal\u00fan a choinne\u00e1il in \u00fas\u00e1id talmha\u00edochta, ag laghd\u00fa an gh\u00e1 le hallmhair\u00ed<\/li><li>\u2022\tCine\u00e1lacha Tithe Measctha &#8211; \u00e9asca\u00edtear roghanna do dhaoine aosta maireacht\u00e1il n\u00edos faide laistigh d\u00e1 bpobal agus ar an gcaoi sin an g\u00e1 le c\u00faram l\u00e1naimseartha a laghd\u00fa<\/li><\/ul>\n\n<p>Comhshaoil:<\/p>\n\n<ul class=\"wp-block-list\"><li>\u2022\tLonna\u00edocht n\u00edos dl\u00faithe &#8211; b\u00edonn iompar poibl\u00ed n\u00edos inmharthana ar bhonn tr\u00e1cht\u00e1la<\/li><li>\u2022\tLonna\u00edocht n\u00edos dl\u00faithe &#8211; b\u00edonn n\u00edos m\u00f3 \u00e1iseanna inmharthana laistigh d\u2019achar si\u00fail (t\u00e1 teimpl\u00e9ad ullmhaithe ag AFI ina leith seo chun oiri\u00fanacht na l\u00e1ithreacha do Thith\u00edocht Aoisbh\u00e1\u00fail a mheas (tag: nasc)<\/li><li>\u2022\tTr\u00e9scaoilteacht fheabhsaithe &#8211; rochtain n\u00edos \u00e9asca, n\u00edos m\u00f3 \u00e1iseanna laistigh d\u2019achar si\u00fail<\/li><li>\u2022\tC\u00e1il\u00edocht Fheabhsaithe R\u00e9imse Poibl\u00ed &#8211; agus s\u00e1bh\u00e1ilteacht fheabhsaithe, b\u00edonn s\u00e9 n\u00edos tarraingt\u00ed si\u00fal agus dul ag rotha\u00edocht.<\/li><\/ul>\n\n<p>alt<\/p>\n","protected":false},"featured_media":0,"parent":1821,"menu_order":60,"template":"","meta":{"_acf_changed":false,"inline_featured_image":false,"_monsterinsights_skip_tracking":false,"_monsterinsights_sitenote_active":false,"_monsterinsights_sitenote_note":"","_monsterinsights_sitenote_category":0,"_EventAllDay":false,"_EventTimezone":"","_EventStartDate":"","_EventEndDate":"","_EventStartDateUTC":"","_EventEndDateUTC":"","_EventShowMap":false,"_EventShowMapLink":false,"_EventURL":"","_EventCost":"","_EventCostDescription":"","_EventCurrencySymbol":"","_EventCurrencyCode":"","_EventCurrencyPosition":"","_EventDateTimeSeparator":"","_EventTimeRangeSeparator":"","_EventOrganizerID":[],"_EventVenueID":[],"_OrganizerEmail":"","_OrganizerPhone":"","_OrganizerWebsite":"","_VenueAddress":"","_VenueCity":"","_VenueCountry":"","_VenueProvince":"","_VenueState":"","_VenueZip":"","_VenuePhone":"","_VenueURL":"","_VenueStateProvince":"","_VenueLat":"","_VenueLng":"","_VenueShowMap":false,"_VenueShowMapLink":false,"footnotes":""},"class_list":["post-1708","topics","type-topics","status-publish","hentry"],"acf":[],"_links":{"self":[{"href":"https:\/\/agefriendlyhomes.ie\/ga\/wp-json\/wp\/v2\/topics\/1708","targetHints":{"allow":["GET"]}}],"collection":[{"href":"https:\/\/agefriendlyhomes.ie\/ga\/wp-json\/wp\/v2\/topics"}],"about":[{"href":"https:\/\/agefriendlyhomes.ie\/ga\/wp-json\/wp\/v2\/types\/topics"}],"version-history":[{"count":1,"href":"https:\/\/agefriendlyhomes.ie\/ga\/wp-json\/wp\/v2\/topics\/1708\/revisions"}],"predecessor-version":[{"id":1709,"href":"https:\/\/agefriendlyhomes.ie\/ga\/wp-json\/wp\/v2\/topics\/1708\/revisions\/1709"}],"up":[{"embeddable":true,"href":"https:\/\/agefriendlyhomes.ie\/ga\/wp-json\/wp\/v2\/topics\/1821"}],"wp:attachment":[{"href":"https:\/\/agefriendlyhomes.ie\/ga\/wp-json\/wp\/v2\/media?parent=1708"}],"curies":[{"name":"wp","href":"https:\/\/api.w.org\/{rel}","templated":true}]}}