{"id":1754,"date":"2021-01-18T20:09:52","date_gmt":"2021-01-18T20:09:52","guid":{"rendered":"https:\/\/agefriendlyhomes.ie\/topics\/tithe-nua-tithe-ata-ann-cheana-fein\/"},"modified":"2022-01-10T15:09:03","modified_gmt":"2022-01-10T15:09:03","slug":"tithe-nua-tithe-ata-ann-cheana-fein","status":"publish","type":"topics","link":"https:\/\/agefriendlyhomes.ie\/ga\/\u00e1bhair\/bailte-a-oireann-do-dhaoine-aosta\/tithe-nua-tithe-ata-ann-cheana-fein\/","title":{"rendered":"Tithe Nua &#038; Tithe At\u00e1 Ann Cheana F\u00e9in"},"content":{"rendered":"\n<p>T\u00e1 a fhios againn \u00f3 thaighde at\u00e1 d\u00e9anta gurbh fhearr leis an gcuid is m\u00f3 d\u00ednn fanacht in\u00e1r gc\u00f3na\u00ed in\u00e1r dteach f\u00e9in, agus in\u00e1r bpobail f\u00e9in, agus muid ag dul in aois.<\/p>\n\n<p>Ba cheart machnamh a dh\u00e9anamh ar riachtanais athraitheacha na ndaoine a bheidh ina gc\u00f3na\u00ed sa teach le himeacht ama nuair at\u00e1 teach \u00e1 th\u00f3g\u00e1il. Ba cheart tithe nua a dhearadh le bheith sol\u00fabtha, inrochtanach agus inoiri\u00fanaitheach chun freastal ar riachtanais athraitheacha \u00e1ititheoir\u00ed thar a saolr\u00e9, m\u00e1s f\u00e9idir.<\/p>\n\n<p>Ba ch\u00f3ir tithe a dhearadh le bheith tarraingteach \u00f3 chun f\u00e9achaint orthu agus chun timpeallachta\u00ed maireacht\u00e1la ar ardchaighde\u00e1n a shol\u00e1thar freisin. T\u00e1 s\u00e9 n\u00edos \u00e9asca tithe a th\u00f3gtar de r\u00e9ir phrionsabail <a href=\"http:\/\/universaldesign.ie\/Built-Environment\/Building-for-Everyone\/\" rel=\"noopener\">an Dearaidh Uil\u00edoch<\/a> a oiri\u00fan\u00fa chun freastal riachtanais daoine de r\u00e9ir mar a athra\u00edonn siad le himeacht ama.<\/p>\n\n<p>T\u00e1 an l\u00e1ithre\u00e1n ar a dt\u00f3gtar an teach thar a bheith t\u00e1bhachtach, le go mbeidh rochtain mhaith ag na daoine a bheidh ina gc\u00f3na\u00ed ann ar sheirbh\u00eds\u00ed agus ar shaor\u00e1id\u00ed. T\u00e1 teimpl\u00e9ad curtha le ch\u00e9ile ag Aoisbh\u00e1 \u00c9ireann chun cabhr\u00fa le meas\u00fan\u00fa a dh\u00e9anamh ar c\u00e9 chomh oiri\u00fanach agus at\u00e1 l\u00e1ithre\u00e1n<\/p>\n\n<p>\u00a0&#13;\n&#13;\nNuair at\u00e1 g\u00e1 ann le sol\u00e1thar speisialta tith\u00edochta, m.sh. d\u00f3ibh si\u00fad a bhfuil deacrachta\u00ed m\u00f3ra soghluaisteachta acu a \u00e9il\u00edonn cathaoir rotha\u00ed a \u00fas\u00e1id, is f\u00e9idir treoir dearaidh a fh\u00e1il sna <a href=\"http:\/\/universaldesign.ie\/Web-Content-\/Introduction.pdf\" rel=\"noopener\">Treoirl\u00ednte um an Dearadh Uil\u00edoch do Thithe in \u00c9irinn<\/a>, ar shu\u00edomh gr\u00e9as\u00e1in <a href=\"https:\/\/www.iwa.ie\/services\/accessible-housing\/\" rel=\"noopener\">Chumann Cathaoireacha Rotha\u00ed na h\u00c9ireann<\/a> agus sa bhfoilseach\u00e1n de chuid <a href=\"https:\/\/www.accessconsultancy.ie\/Habinteg-release-3rd-Edition-of-Wheelchair-Housing-Design-Guide\" rel=\"noopener\">Chumann Tith\u00edochta Habinteg ar Threoir Dearaidh um an Tith\u00edocht do Chathaoireacha Rotha\u00ed<\/a>.<\/p>\n\n<p>Ba ch\u00f3ir go mbeadh na coinn\u00edollacha seo a leanas a bheith ag baint leis an teach le bheith dea-dheartha:<\/p>\n\n<ul class=\"wp-block-list\"><li>Rochtain \u00e9asca air agus \u00e9asca dul timpeall taobh istigh de.<\/li><li>In ann freastal ar raon gn\u00edomha\u00edochta\u00ed \u00e9ags\u00fala agus ar an sol\u00fabthacht \u00fas\u00e1ide le himeacht ama.<\/li><li>\u00c9ags\u00falacht leordh\u00f3thanach \u00e1iseanna ann, mar shampla \u00e1iseanna cistine, limist\u00e9ir st\u00f3r\u00e1la, \u00e1iseanna sl\u00e1int\u00edochta agus seomra folctha.<\/li><li>\u00c9ifeachtach \u00f3 thaobh fuinnimh, agus go leor sp\u00e1s ann chun obair a dh\u00e9anamh ann agus uisce a th\u00e9amh go h\u00e9asca, chomh maith le gn\u00e9ithe leictreacha n\u00f3 seirbh\u00edse.<\/li><li>\u00c9ifeachtach \u00f3 thaobh fuinnimh, agus go leor sp\u00e1s ann chun obair a dh\u00e9anamh ann agus uisce a th\u00e9amh go h\u00e9asca, chomh maith le gn\u00e9ithe leictreacha n\u00f3 seirbh\u00edse.<\/li><li>A bheith sl\u00e1n s\u00e1bh\u00e1ilte agus daingean.<\/li><li>Riachtanais sna Rialach\u00e1in Foirgn\u00edochta agus sna Rialach\u00e1n Plean\u00e1la araon a chomhl\u00edonadh. <\/li><li>Eacnama\u00edoch \u00f3 thaobh dearaidh de, agus luach ar airgead curtha ar f\u00e1il leis \u00f3 thaobh na foirgn\u00edochta de chomh maith leis na costais cothabh\u00e1la at\u00e1 i gceist<\/li><\/ul>\n\n<p>T\u00e1 na hailtir\u00ed cl\u00e1raithe liostaithe de r\u00e9ir ceantair in <a href=\"https:\/\/www.riai.ie\/work-with-an-architect\/work-with-an-architect-your-home\" rel=\"noopener\">Eolaire Cleachtais an RIAI<\/a>. Is f\u00e9idir leat an t-eolaire a chuardach de r\u00e9ir ainm an chleachtais (m\u00e1 t\u00e1 cleachtas ar eolas agat cheana), de r\u00e9ir scile, n\u00f3 de r\u00e9ir su\u00edmh.\u00a0T\u00e1 liosta de <a href=\"https:\/\/www.riai.ie\/work-with-an-architect\/top-tips-from-architects\" rel=\"noopener\">bharr-leideanna<\/a> acu freisin faoina bheith ag obair i gcomhar le hailtire.<\/p>\n\n<h2 class=\"wp-block-heading\"><h2>Naisc \u00e1isi\u00fala eile<\/h2><\/h2>\n\n<p>Tabhair faoi deara go bhf\u00e9adfadh s\u00e9 nach mbeadh treoir a thagann \u00f3 th\u00edortha eachtracha lasmuigh d\u2019\u00c9irinn ioml\u00e1n \u00e1bhartha leis an t\u00edr seo.<\/p>\n\n<ul class=\"wp-block-list\"><li><a href=\"https:\/\/www.gov.ie\/en\/publication\/1d2af-building-regulations\/\" rel=\"noopener\">Rialach\u00e1in Foirgn\u00edochta \u00c9ireannacha<\/a><\/li><\/ul>\n\n<ul class=\"wp-block-list\"><li>T\u00e1 treoir dea-chleachtais maidir le conas foirgnimh agus sp\u00e1sanna a dhearadh, a th\u00f3g\u00e1il agus a bhainisti\u00fa ionas go mbeidh siad inrochtana do gach duine curtha le ch\u00e9ile ag an Ionad Barr Feabhais sa Dearadh Uil\u00edoch san \u00dadar\u00e1s N\u00e1isi\u00fanta M\u00edchumais. Is acmhainn iontach iad na <a href=\"http:\/\/universaldesign.ie\/Web-Content-\/Introduction.pdf\" rel=\"noopener\">Treoirl\u00ednte um an Dearadh Uil\u00edoch do Thithe in \u00c9irinn<\/a>. Is f\u00e9idir f\u00e9achaint ar <a href=\"http:\/\/universaldesign.ie\/built-environment\/housing\/\" rel=\"noopener\">an su\u00edomh gr\u00e9as\u00e1in faoin Dearadh Uil\u00edoch<\/a> freisin chun faisn\u00e9is a fh\u00e1il faoi bheartas agus reachta\u00edocht a bhaineann leis an Dearadh Uil\u00edoch in \u00c9irinn.<\/li><\/ul>\n\n<ul class=\"wp-block-list\"><li><a href=\"https:\/\/www.housinglin.org.uk\/Topics\/type\/Older-and-Wiser-a-practical-guide-to-commissioning-developing-and-operating-age-friendly-homes\/\" rel=\"noopener\">Older and Wiser A practical guide for developing, commissioning and operating age-friendly homes<\/a> (An R\u00edocht Aontaithe)<\/li><\/ul>\n\n<ul class=\"wp-block-list\"><li>Sa R\u00edocht Aontaithe, t\u00e1 raidhse acmhainn\u00ed agus taighde ar dhearadh agus ar ruda\u00ed le cur san \u00e1ireamh maidir leis an bhfoirgn\u00edocht ar f\u00e1il ar an su\u00edomh gr\u00e9as\u00e1in HousingLIN. T\u00e1 prionsabail HAPPI (Housing our Ageing Population Panel for Innovation) bunaithe ar 10 bpr\u00edomhchrit\u00e9ar dearaidh le bheith curtha san \u00e1ireamh agus tithe nua \u00e1 ndearadh. Is f\u00e9idir tuilleadh a fh\u00e1\u00edl amach faoi phrionsabail HAPPI agus faoi acmhainn\u00ed dearaidh chun tithe a th\u00f3g\u00e1il sa phobal a fh\u00e1il ach <a href=\"https:\/\/www.housinglin.org.uk\/Topics\/browse\/Design-building\/HAPPI\/\" rel=\"noopener\">cuairt a thabhairt ar shu\u00edomh gr\u00e9as\u00e1in Housing LIN<\/a>.<\/li><\/ul>\n\n<ul class=\"wp-block-list\"><li><a href=\"https:\/\/housingforall.ie\/housing-for-older-people\/\" rel=\"noopener\">An Tith\u00edocht do Ch\u00e1ch: An Tith\u00edocht do Dhaoine Breacaosta<\/a><\/li><\/ul>\n\n<ul class=\"wp-block-list\"><li><a href=\"http:\/\/universaldesign.ie\/what-is-universal-design\/policy-and-legislation\/\" rel=\"noopener\">An Dearadh Uil\u00edoch: Beartas agus Reachta\u00edocht <\/a><\/li><\/ul>\n\n<ul class=\"wp-block-list\"><li><a href=\"http:\/\/universaldesign.ie\/Built-Environment\/Building-for-Everyone\/\" rel=\"noopener\">An Dearadh Uil\u00edoch: Ag T\u00f3g\u00e1il ar Mhaithe le Chuile Dhuine<\/a><\/li><\/ul>\n\n<ul class=\"wp-block-list\"><li><a href=\"https:\/\/www.ks.no\/globalassets\/110119-ks-hefte-universal-design-for-an-age-friendly-society.pdf\" rel=\"noopener\">An Dearadh Uil\u00edoch do Shocha\u00ed at\u00e1 Aoisbh\u00e1\u00fail<\/a><\/li><\/ul>\n\n<ul class=\"wp-block-list\"><li><a href=\"https:\/\/publica.co.uk\/projects-qolf-literature-review\" rel=\"noopener\">Quality of Life Foundation: Literature Review<\/a><\/li><\/ul>\n\n<ul class=\"wp-block-list\"><li><a href=\"https:\/\/massdesigngroup.org\/sites\/default\/files\/multiple-file\/2020-07\/Designing%20Senior%20Housing%20for%20Safe%20Interaction.pdf\" rel=\"noopener\">Designing Senior Housing for Safe Interaction \u2013 The Role of Architecture in Fighting COVID-19<\/a> (An R\u00edocht Aontaithe)<\/li><\/ul>\n\n<p><\/p>\n","protected":false},"featured_media":0,"parent":1833,"menu_order":6,"template":"","meta":{"_acf_changed":false,"inline_featured_image":false,"_monsterinsights_skip_tracking":false,"_monsterinsights_sitenote_active":false,"_monsterinsights_sitenote_note":"","_monsterinsights_sitenote_category":0,"_EventAllDay":false,"_EventTimezone":"","_EventStartDate":"","_EventEndDate":"","_EventStartDateUTC":"","_EventEndDateUTC":"","_EventShowMap":false,"_EventShowMapLink":false,"_EventURL":"","_EventCost":"","_EventCostDescription":"","_EventCurrencySymbol":"","_EventCurrencyCode":"","_EventCurrencyPosition":"","_EventDateTimeSeparator":"","_EventTimeRangeSeparator":"","_EventOrganizerID":[],"_EventVenueID":[],"_OrganizerEmail":"","_OrganizerPhone":"","_OrganizerWebsite":"","_VenueAddress":"","_VenueCity":"","_VenueCountry":"","_VenueProvince":"","_VenueState":"","_VenueZip":"","_VenuePhone":"","_VenueURL":"","_VenueStateProvince":"","_VenueLat":"","_VenueLng":"","_VenueShowMap":false,"_VenueShowMapLink":false,"footnotes":""},"class_list":["post-1754","topics","type-topics","status-publish","hentry"],"acf":[],"_links":{"self":[{"href":"https:\/\/agefriendlyhomes.ie\/ga\/wp-json\/wp\/v2\/topics\/1754","targetHints":{"allow":["GET"]}}],"collection":[{"href":"https:\/\/agefriendlyhomes.ie\/ga\/wp-json\/wp\/v2\/topics"}],"about":[{"href":"https:\/\/agefriendlyhomes.ie\/ga\/wp-json\/wp\/v2\/types\/topics"}],"version-history":[{"count":2,"href":"https:\/\/agefriendlyhomes.ie\/ga\/wp-json\/wp\/v2\/topics\/1754\/revisions"}],"predecessor-version":[{"id":2188,"href":"https:\/\/agefriendlyhomes.ie\/ga\/wp-json\/wp\/v2\/topics\/1754\/revisions\/2188"}],"up":[{"embeddable":true,"href":"https:\/\/agefriendlyhomes.ie\/ga\/wp-json\/wp\/v2\/topics\/1833"}],"wp:attachment":[{"href":"https:\/\/agefriendlyhomes.ie\/ga\/wp-json\/wp\/v2\/media?parent=1754"}],"curies":[{"name":"wp","href":"https:\/\/api.w.org\/{rel}","templated":true}]}}