{"id":1801,"date":"2021-02-17T10:19:20","date_gmt":"2021-02-17T10:19:20","guid":{"rendered":"https:\/\/agefriendlyhomes.ie\/topics\/deontais-agus-maoiniu\/maoiniu-rialtais-chun-tithiocht-shoisialta-a-thogail-do-dhaoine-scothaosta\/"},"modified":"2021-09-14T21:42:38","modified_gmt":"2021-09-14T20:42:38","slug":"maoiniu-rialtais-chun-tithiocht-shoisialta-a-thogail-do-dhaoine-scothaosta","status":"publish","type":"topics","link":"https:\/\/agefriendlyhomes.ie\/ga\/\u00e1bhair\/deontais-agus-maoiniu\/maoiniu-rialtais-chun-tithiocht-shoisialta-a-thogail-do-dhaoine-scothaosta\/","title":{"rendered":"Maoini\u00fa Rialtais chun Tith\u00edocht Sh\u00f3isialta a Th\u00f3g\u00e1il do Dhaoine Scothaosta"},"content":{"rendered":"\n<p>Maoin\u00edonn an Roinn Tith\u00edochta, Rialtais \u00c1iti\u00fail agus Oidhreachta t\u00f3g\u00e1il tith\u00edochta ag Comhlachta\u00ed Tith\u00edochta Ceadaithe faoi roinnt cl\u00e1r caipitil, lena n-\u00e1ir\u00edtear an Sc\u00e9im C\u00fanaimh Chaipitil.<\/p>\n\n<h2 class=\"wp-block-heading\">Sc\u00e9im C\u00fanaimh Caipitil (CAS)<\/h2>\n\n<p>Maoin\u00edonn an Sc\u00e9im C\u00fanaimh Caipitil Comhlachta\u00ed Tith\u00edochta Ceadaithe chun tith\u00edocht a shol\u00e1thar do dhaoine a bhfuil catag\u00f3ir\u00ed saini\u00fala riachtanas acu, mar shampla daoine scothaosta, daoine faoi mh\u00edchumas agus iad si\u00fad at\u00e1 gan d\u00eddean.\u00a0T\u00e1 sonra\u00ed ioml\u00e1na na sc\u00e9ime ar f\u00e1il \u00f3 <a href=\"https:\/\/www.gov.ie\/en\/publication\/942f74-local-authorities\/\" rel=\"noopener\">d\u2019\u00fadar\u00e1is \u00e1iti\u00fala<\/a>, at\u00e1 freagrach as riar na sc\u00e9ime.\u00a0F\u00e9adfaidh t\u00fa teagmh\u00e1il a dh\u00e9anamh freisin le do <a href=\"http:\/\/neo-devsite.tk\/topics\/design-build-information\/age-friendly-technical-advisor\/\" rel=\"noopener\">Chomhairleoir Teicni\u00fail Aoisbh\u00e1 <\/a>chun tuilleadh faisn\u00e9ise a fh\u00e1il.<\/p>\n\n<p>Sol\u00e1thra\u00edonn Feidhmeannacht na Seirbh\u00eds\u00ed Sl\u00e1inte taca\u00edocht do roinnt tith\u00edochta, go h\u00e1irithe iad si\u00fad a bhaineann le daoine faoi mh\u00edchumas n\u00f3 daoine scothaosta. Is f\u00e9idir rann\u00edoca\u00edochta\u00ed a dh\u00e9anamh freisin leis an gcostas a bhaineann le \u2018saor\u00e1id\u00ed comhchoiteanna\u2019 a shol\u00e1thar, mar shampla seomra cruinnithe n\u00f3 sp\u00e1s bia roinnte.<\/p>\n\n<p>Ag baint \u00fas\u00e1ide as an Sc\u00e9im C\u00fanaimh Caipitil, sol\u00e1thra\u00edonn na Comhlachta\u00ed Tith\u00edochta Ceadaithe, ag obair le h\u00fadar\u00e1is \u00e1iti\u00fala, Sc\u00e9imeanna Tith\u00edochta Tacaithe \/ Neamhsple\u00e1ch do dhaoine aosta, tr\u00ed thith\u00edocht nua a th\u00f3g\u00e1il, tithe a cheannach n\u00f3 a oiri\u00fan\u00fa. Is \u00ed an aidhm tithe dea-dheartha a sheachadadh in \u00e1it oiri\u00fanach, gar do sheirbh\u00eds\u00ed.<\/p>\n\n<p>T\u00e1 samhlacha \u00e9ags\u00fala de thith\u00edocht Tacaithe\/Neamhsple\u00e1ch ann, idir thith\u00edocht le leibh\u00e9al \u00edseal taca\u00edochta\u00ed agus tith\u00edocht a bhfuil leibh\u00e9al ard c\u00faraim agus taca\u00edochta\u00ed acu.\u00a0Is f\u00e9idir tuilleadh faisn\u00e9ise faoi na samhlacha \u00e9ags\u00fala de thith\u00edocht tacaithe n\u00f3 neamhsple\u00e1ch a fh\u00e1il sa chuid a bhaineann le <a href=\"http:\/\/neo-devsite.tk\/topics\/age-friendly-homes\/supported-housing\/\" rel=\"noopener\">Tith\u00edocht Tacaithe \/ Neamhsple\u00e1ch<\/a>\u00a0ar an l\u00e1ithre\u00e1n gr\u00e9as\u00e1in seo.\u00a0Is f\u00e9idir c\u00f3ir\u00edocht a bheith i ngr\u00fapa\u00ed, glanscartha, comhroinnte n\u00f3 le saor\u00e1id\u00ed comhchoiteanna n\u00f3 gan iad.<\/p>\n\n<h2 class=\"wp-block-heading\">Ard-saor\u00e1id L\u00e9as\u00fach\u00e1in Caipitil (CALF)<\/h2>\n\n<p>Is saor\u00e1id iasachta \u00ed CALF, at\u00e1 ar\u00a0f\u00e1il\u00a0<em>go heisiach\u00a0<\/em>do Chomhlachta\u00ed Tith\u00edochta Ceadaithe (AHBanna) chun cabhr\u00fa leo rochtain a fh\u00e1il ar mhaoini\u00fa pr\u00edobh\u00e1ideach n\u00f3 \u00f3n nGn\u00edomhaireacht Airgeadais Tith\u00edochta (HFA) chun aonaid a fh\u00e1il, a th\u00f3g\u00e1il n\u00f3 a athch\u00f3iri\u00fa a chuirfear ar f\u00e1il ansin chun cr\u00edocha tith\u00edochta s\u00f3isialta \u00e1it a gcuirtear an maoini\u00fa lean\u00fanach ar f\u00e1il tr\u00edd an gCl\u00e1r Caiteachais Reatha\u00a0don Tith\u00edocht\u00a0Sh\u00f3isialta (SHCEP).\u00a0Go bun\u00fasach, oibr\u00edonn an tsaor\u00e1id tr\u00ed airleacan caipitil beag a shol\u00e1thar do AHBanna, nuair a cheada\u00edtear maoini\u00fa, i bhfoirm iasachta a chuireann an Roinn Tith\u00edochta, Rialtais \u00c1iti\u00fail &amp; Oidhreachta ar f\u00e1il tr\u00ed \u00fadar\u00e1is \u00e1iti\u00fala.\u00a0Is fiach conartha \u00e9 an tsaor\u00e1id iasachta seo idir an t-\u00fadar\u00e1s \u00e1iti\u00fail agus an AHB.<\/p>\n\n<p>N\u00edl an tsaor\u00e1id iasachta seo ar f\u00e1il ach amh\u00e1in mar chuid de thionscadal ina gcuireann an AHB na tithe ar f\u00e1il faoi chomhaont\u00fa \u00cdoca\u00edochta &amp; Infhaighteachta (P&amp;A) d\u2019ainmnithigh an \u00fadar\u00e1is tith\u00edochta ar feadh tr\u00e9imhse shocraithe ama. N\u00ed g\u00e1 ais\u00edoca\u00edochta\u00ed ar iasacht CALF a ais\u00edoc le linn th\u00e9arma an chomhaontaithe P&amp;A ach t\u00e1 an m\u00e9id, m\u00f3ide \u00fas, f\u00f3s gan \u00edoc ag deireadh an chomhaontaithe. Is \u00e9 an aidhm at\u00e1 leis seo a chinnti\u00fa gur cheart don airleacan caipitil cuidi\u00fa le AHBanna an maoini\u00fa riachtanach go l\u00e9ir a fh\u00e1il chun tithe a sheachadadh agus tionscadail a dh\u00e9anamh n\u00edos inmharthana do AHBanna \u00f3 thaobh leachtachta n\u00f3 sreabhadh airgid de, go h\u00e1irithe sna blianta tosaigh.   <\/p>\n\n<p><strong>Comhaont\u00fa \u00cdoca\u00edochta agus Infhaighteachta (P&amp;A)<\/strong><\/p>\n\n<p>Is comhaontuithe l\u00e1rnacha iad comhaontuithe \u00cdoca\u00edochta agus Infhaighteachta (P&amp;A) a thaca\u00edonn le gach socr\u00fa l\u00e9as\u00fach\u00e1in do AHBanna. Leis an gcomhaont\u00fa seo leagtar amach t\u00e9arma\u00ed agus coinn\u00edollacha mionsonraithe idir an t-\u00fadar\u00e1s \u00e1iti\u00fail agus an AHB agus sol\u00e1thra\u00edonn s\u00e9 fianaise do mhaoinitheoir\u00ed ionchasacha maidir le sruth ioncaim a d\u2019fh\u00e9adfadh cabhr\u00fa le rochtain ar airgeadas. Faoi chomhaont\u00fa P&amp;A, cuireann an AHB maoin ar f\u00e1il don \u00dadar\u00e1s Tith\u00edochta le haghaidh tith\u00edochta s\u00f3isialta ar feadh tr\u00e9imhse socraithe suas le 30 bliain. Aont\u00f3idh an t-\u00fadar\u00e1s \u00e1iti\u00fail c\u00e9atad\u00e1n den ch\u00edos margaidh a \u00edoc leis an gComhlacht Tith\u00edochta Ceadaithe.  <\/p>\n\n<p>Faoin gComhaont\u00fa P&amp;A aonta\u00edonn na AHBanna:<\/p>\n\n<ul class=\"wp-block-list\"><li>\u2022\tna r\u00e9admhaoine a chur ar f\u00e1il chun cr\u00edocha tith\u00edochta s\u00f3isialta ar feadh t\u00e9arma suas le 30 bliain, <\/li><li>\u2022\tna haonaid a bhainisti\u00fa agus a chothabh\u00e1il i riocht at\u00e1 oiri\u00fanach le ligean,<\/li><li>\u2022\ta bheith mar thiarna tal\u00fan do na tion\u00f3nta\u00ed at\u00e1 ina gc\u00f3na\u00ed sna tithe,<\/li><li>\u2022\tglacadh le hainmni\u00fa tion\u00f3nta\u00ed \u00f3n \u00fadar\u00e1s \u00e1iti\u00fail a bhfuil cearta ainmni\u00fach\u00e1in 100% aige.<\/li><\/ul>\n\n<p> Aonta\u00edonn \u00fadar\u00e1is \u00e1iti\u00fala:<\/p>\n\n<ul class=\"wp-block-list\"><li>\u2022\t&#8216;\u00edoca\u00edocht infhaighteachta&#8217; a \u00edoc leis an AHB,<\/li><li>\u2022\tidirchaidreamh a dh\u00e9anamh leis an AHB maidir le hainmni\u00fach\u00e1in,<\/li><li>\u2022\tmonat\u00f3ireacht a dh\u00e9anamh ar chomhl\u00edonadh an Chomhaontaithe Infhaighteachta le linn an t\u00e9arma c\u00e9anna,<\/li><li>\u2022\tan AHB a \u00edoc ar bhonn m\u00edos\u00fail\/r\u00e1ithi\u00fail. Faightear an t-airgead seo ar ais \u00f3 DHLGH.<\/li><li>\u2022\tI gc\u00e1s ceannaigh ag baint \u00fas\u00e1ide as an Ard-Saor\u00e1id Leas\u00fach\u00e1in Caipitil (CALF) agus an Comhaont\u00fa \u00cdoca\u00edochta agus Infhaighteachta (P&amp;A) beidh an AHB inch\u00e1ilithe do suas le 92% den ch\u00edos Margaidh le h\u00e1ras\u00e1in inch\u00e1ilithe le haghaidh suas le 95% (i gc\u00e1s go bhfuil t\u00e1ille sheirbh\u00edse ar an maoin) den ch\u00edos margaidh. T\u00e1 an \u00edoca\u00edocht seo ag brath ar \u00e1it\u00edocht lean\u00fanach ar feadh thr\u00e9imhse an Chomhaontaithe.<\/li><\/ul>\n\n<p>\u00cdocann an tion\u00f3nta c\u00edos difre\u00e1lach (c\u00edos bunaithe ar ioncam teaghlaigh) leis an AHB bunaithe ar sc\u00e9im difre\u00e1lach c\u00edosa an \u00fadar\u00e1is \u00e1iti\u00fail.<\/p>\n\n<h2 class=\"wp-block-heading\">Naisc \u00das\u00e1ideacha<\/h2>\n\n<ul class=\"wp-block-list\"><li><ul>&#13;\n \t<li><a href=\"https:\/\/www2.hse.ie\/services\/national-lottery-grants\/national-lottery-grants.html\" rel=\"noopener\">FSS \u2013 Deontais Chrannchuir N\u00e1isi\u00fanta<\/a><\/li>&#13;\n<\/ul><\/li><\/ul>\n","protected":false},"featured_media":0,"parent":1724,"menu_order":27,"template":"","meta":{"_acf_changed":false,"inline_featured_image":false,"_monsterinsights_skip_tracking":false,"_monsterinsights_sitenote_active":false,"_monsterinsights_sitenote_note":"","_monsterinsights_sitenote_category":0,"_EventAllDay":false,"_EventTimezone":"","_EventStartDate":"","_EventEndDate":"","_EventStartDateUTC":"","_EventEndDateUTC":"","_EventShowMap":false,"_EventShowMapLink":false,"_EventURL":"","_EventCost":"","_EventCostDescription":"","_EventCurrencySymbol":"","_EventCurrencyCode":"","_EventCurrencyPosition":"","_EventDateTimeSeparator":"","_EventTimeRangeSeparator":"","_EventOrganizerID":[],"_EventVenueID":[],"_OrganizerEmail":"","_OrganizerPhone":"","_OrganizerWebsite":"","_VenueAddress":"","_VenueCity":"","_VenueCountry":"","_VenueProvince":"","_VenueState":"","_VenueZip":"","_VenuePhone":"","_VenueURL":"","_VenueStateProvince":"","_VenueLat":"","_VenueLng":"","_VenueShowMap":false,"_VenueShowMapLink":false,"footnotes":""},"class_list":["post-1801","topics","type-topics","status-publish","hentry"],"acf":[],"_links":{"self":[{"href":"https:\/\/agefriendlyhomes.ie\/ga\/wp-json\/wp\/v2\/topics\/1801","targetHints":{"allow":["GET"]}}],"collection":[{"href":"https:\/\/agefriendlyhomes.ie\/ga\/wp-json\/wp\/v2\/topics"}],"about":[{"href":"https:\/\/agefriendlyhomes.ie\/ga\/wp-json\/wp\/v2\/types\/topics"}],"version-history":[{"count":1,"href":"https:\/\/agefriendlyhomes.ie\/ga\/wp-json\/wp\/v2\/topics\/1801\/revisions"}],"predecessor-version":[{"id":1802,"href":"https:\/\/agefriendlyhomes.ie\/ga\/wp-json\/wp\/v2\/topics\/1801\/revisions\/1802"}],"up":[{"embeddable":true,"href":"https:\/\/agefriendlyhomes.ie\/ga\/wp-json\/wp\/v2\/topics\/1724"}],"wp:attachment":[{"href":"https:\/\/agefriendlyhomes.ie\/ga\/wp-json\/wp\/v2\/media?parent=1801"}],"curies":[{"name":"wp","href":"https:\/\/api.w.org\/{rel}","templated":true}]}}