{"id":1805,"date":"2021-02-17T11:46:47","date_gmt":"2021-02-17T11:46:47","guid":{"rendered":"https:\/\/agefriendlyhomes.ie\/topics\/bailte-pobail-agus-sraidbhailte-a-thacaionn-le-daoine-breacaosta\/"},"modified":"2021-09-14T23:24:03","modified_gmt":"2021-09-14T22:24:03","slug":"bailte-pobail-agus-sraidbhailte-a-thacaionn-le-daoine-breacaosta","status":"publish","type":"topics","link":"https:\/\/agefriendlyhomes.ie\/ga\/\u00e1bhair\/riocht-phoibli-a-thacaionn-le-daoine-breacaosta\/bailte-pobail-agus-sraidbhailte-a-thacaionn-le-daoine-breacaosta\/","title":{"rendered":"Bailte, Pobail agus Sr\u00e1idbhailte a Thaca\u00edonn le Daoine Breacaosta"},"content":{"rendered":"\n<p>Is \u00e9ard at\u00e1 i gceist le Baile n\u00f3 Pobal a Thaca\u00edonn Le Daoine Breacaosta n\u00e1 go mb\u00edonn p\u00e1irt ghn\u00edomhach glactha ag daoine scothaosta sa saol s\u00f3isialta, eacnama\u00edoch agus cult\u00fartha araon agus go gcuirtear feabhas ar an timpeallacht \u00e1iti\u00fail ar mhaithe le leas gach aon duine. <\/p>\n\n<p>I mBailte\/Sr\u00e1idbhailte a Thaca\u00edonn le Daoine Breacaosta freastala\u00edtear ar na riachtanais at\u00e1 ag an lucht aosta. Is \u00e9ard an tsl\u00ed a thagann siad ar an saol n\u00e1 go dtagann daoine scothaosta le ch\u00e9ile agus oibr\u00edonn siad i gcomhar le gr\u00fapa\u00ed eile sa phobal, \u00fadar\u00e1is \u00e1iti\u00fala, seirbh\u00eds\u00ed sl\u00e1inte, cuideachta\u00ed iompair agus \/ n\u00f3 gn\u00f3lachta\u00ed \u00e1iti\u00fala mar shampla, chun an \u00e1it ina gc\u00f3na\u00edonn siad a athr\u00fa ar mhaith lena leasa f\u00e9in agus le leas an phobail i gcoitinne.<\/p>\n\n<p>Tr\u00ed th\u00fas \u00e1ite a thabhairt do rannph\u00e1irt\u00edocht daoine scothaosta, b\u00edonn Bailte a Thaca\u00edonn le Daoine Breacaosta ag cur feabhas ar an saol do gach uile dhuine sa phobal. Cinntear go leor de na pr\u00edomhchinntithigh ar ch\u00e1il\u00edocht na beatha ag an leibh\u00e9al \u00e1iti\u00fail, agus go minic is iad na ruda\u00ed is l\u00fa is c\u00fais leis na difr\u00edochta\u00ed is m\u00f3 a chuirtear i gcr\u00edch.<\/p>\n\n<p>T\u00e1 ocht dt\u00e9ama a thaca\u00edonn le Daoine Breacaosta a shain\u00edonn c\u00e1il\u00edocht na beatha laeth\u00fala do dhaoine brachaosta sainaitheanta ag an Eagra\u00edocht Dhomhanda Sl\u00e1inte (WHO) . T\u00e1 Aoisbh\u00e1 \u00c9ireann tar \u00e9is cur leo tr\u00ed na ruda\u00ed is f\u00e9idir a bhaint amach, go praitici\u00fail, sa f\u00edorshaol, a thaispe\u00e1int i leith gach aon cheann de na r\u00e9ims\u00ed t\u00e9amacha seo. Ar an mbealach seo is f\u00e9idir iad a \u00fas\u00e1id i gcomhairli\u00fach\u00e1in chun a mheas c\u00e9 chomh cairdi\u00fail is at\u00e1 baile do bhaile.<\/p>\n\n<p>Is iad na 8 dt\u00e9ama\u00ed sin n\u00e1<\/p>\n\n<ul class=\"wp-block-list\"><li>\u2022\tSp\u00e1sanna Allamuigh agus Foirgnimh<\/li><li>\u2022\tAn tIompar<\/li><li>\u2022\tAn Tith\u00edocht<\/li><li>\u2022\tAn Rannph\u00e1irt\u00edocht sa tSocha\u00ed<\/li><li>\u2022\tMeas agus an tIonchuimsi\u00fa S\u00f3isialta<\/li><li>\u2022\tAn Rannph\u00e1irt\u00edocht Shibhialta agus an Fhosta\u00edocht<\/li><li>\u2022\tAn Chumars\u00e1id agus an Fhaisn\u00e9is<\/li><li>\u2022\tSeirbh\u00eds\u00ed Taca\u00edochta agus Seirbh\u00eds\u00ed Meabhairshl\u00e1inte<\/li><\/ul>\n","protected":false},"featured_media":0,"parent":1968,"menu_order":72,"template":"","meta":{"_acf_changed":false,"inline_featured_image":false,"_monsterinsights_skip_tracking":false,"_monsterinsights_sitenote_active":false,"_monsterinsights_sitenote_note":"","_monsterinsights_sitenote_category":0,"_EventAllDay":false,"_EventTimezone":"","_EventStartDate":"","_EventEndDate":"","_EventStartDateUTC":"","_EventEndDateUTC":"","_EventShowMap":false,"_EventShowMapLink":false,"_EventURL":"","_EventCost":"","_EventCostDescription":"","_EventCurrencySymbol":"","_EventCurrencyCode":"","_EventCurrencyPosition":"","_EventDateTimeSeparator":"","_EventTimeRangeSeparator":"","_EventOrganizerID":[],"_EventVenueID":[],"_OrganizerEmail":"","_OrganizerPhone":"","_OrganizerWebsite":"","_VenueAddress":"","_VenueCity":"","_VenueCountry":"","_VenueProvince":"","_VenueState":"","_VenueZip":"","_VenuePhone":"","_VenueURL":"","_VenueStateProvince":"","_VenueLat":"","_VenueLng":"","_VenueShowMap":false,"_VenueShowMapLink":false,"footnotes":""},"class_list":["post-1805","topics","type-topics","status-publish","hentry"],"acf":[],"_links":{"self":[{"href":"https:\/\/agefriendlyhomes.ie\/ga\/wp-json\/wp\/v2\/topics\/1805","targetHints":{"allow":["GET"]}}],"collection":[{"href":"https:\/\/agefriendlyhomes.ie\/ga\/wp-json\/wp\/v2\/topics"}],"about":[{"href":"https:\/\/agefriendlyhomes.ie\/ga\/wp-json\/wp\/v2\/types\/topics"}],"version-history":[{"count":1,"href":"https:\/\/agefriendlyhomes.ie\/ga\/wp-json\/wp\/v2\/topics\/1805\/revisions"}],"predecessor-version":[{"id":1806,"href":"https:\/\/agefriendlyhomes.ie\/ga\/wp-json\/wp\/v2\/topics\/1805\/revisions\/1806"}],"up":[{"embeddable":true,"href":"https:\/\/agefriendlyhomes.ie\/ga\/wp-json\/wp\/v2\/topics\/1968"}],"wp:attachment":[{"href":"https:\/\/agefriendlyhomes.ie\/ga\/wp-json\/wp\/v2\/media?parent=1805"}],"curies":[{"name":"wp","href":"https:\/\/api.w.org\/{rel}","templated":true}]}}