{"id":1813,"date":"2021-02-22T10:54:19","date_gmt":"2021-02-22T10:54:19","guid":{"rendered":"https:\/\/agefriendlyhomes.ie\/topics\/leaganacha-amach-inmheanacha\/"},"modified":"2021-09-15T00:18:23","modified_gmt":"2021-09-14T23:18:23","slug":"leaganacha-amach-inmheanacha","status":"publish","type":"topics","link":"https:\/\/agefriendlyhomes.ie\/ga\/\u00e1bhair\/pleanail-dearadh-aoisbhauil\/leaganacha-amach-inmheanacha\/","title":{"rendered":"Leaganacha Amach Inmhe\u00e1nacha"},"content":{"rendered":"\n<p>Ba cheart go mbeadh gach \u00e1ititheoir compordach, ar a caoithi\u00falacht agus s\u00e1bh\u00e1ilte ina baile.  <\/p>\n\n<p>Ba cheart go n-\u00e9asc\u00f3dh dearadh gach seomra na pr\u00edomhghn\u00edomha\u00edochta\u00ed a bheidh le cur i gcr\u00edch sa seomra sin. Ba cheart go mbeif\u00ed in ann gn\u00edomha\u00edochta\u00ed gaolmhara n\u00f3 comhoiri\u00fanacha a dh\u00e9anamh sa seomra c\u00e9anna n\u00f3 i seomra\u00ed n\u00f3 sp\u00e1sanna in aice l\u00e1imhe, e.g., ba cheart go mbeadh seomra\u00ed bia gar d\u2019\u00e1iteanna ullmh\u00fach\u00e1in bia. N\u00edor cheart go mbeadh seomra\u00ed ina bhfuil gn\u00edomha\u00edocht ghl\u00f3rach ghr\u00fapa ag tarl\u00fa gar do sheomra\u00ed staid\u00e9ir n\u00f3 sc\u00edthe agus ba cheart go mbeadh d\u00f3thain pr\u00edobh\u00e1ideachais i seomra\u00ed su\u00ed agus i seomra\u00ed codlata, agus ba cheart foins\u00ed torainn inmhe\u00e1nacha agus seachtracha a d\u2019fh\u00e9adfadh a bheith ann a chur san \u00e1ireamh. I dtithe ina bhfuil dh\u00e1 url\u00e1r n\u00f3 n\u00edos m\u00f3, chun freastal ar an bhf\u00e9idearthacht go mb\u2019fh\u00e9idir go mbeadh soghluaisteacht laghdaithe ag \u00e1itritheoir t\u00ed amach anseo, is f\u00e9idir machnamh a dh\u00e9anamh ar an bpoit\u00e9inseal a bhaineann le sp\u00e1s leapa a chur ar f\u00e1il ag leibh\u00e9al an phr\u00edomhbhealaigh isteach. Chomh maith leis sin, d\u2019fh\u00e9adfadh socr\u00fa den s\u00f3rt seo deiseanna a chur ar f\u00e1il \u2018a bheith ag obair \u00f3n mbaile\u2019.<\/p>\n\n<p>Ba cheart an teach a dhearadh ionas go mbeifear in ann \u00fas\u00e1id \u00e9ifeachtach a bhaint as solas n\u00e1d\u00fartha an lae agus as solas na gr\u00e9ine, a mh\u00e9id is ind\u00e9anta, agus a chinnti\u00fa go mb\u00edonn solas d\u00edreach na gr\u00e9ine ag scalladh isteach i ngach pr\u00edomhsheomra am \u00e9igin i rith an lae. Ba cheart m\u00e9id, cruth agus su\u00edomh na bhfuinneog a dhearadh ar bhealach a chinnt\u00edonn go bhfuil an m\u00e9id tairbhe agus is f\u00e9idir \u00e1 baint as solas n\u00e1d\u00fartha agus na radhairc at\u00e1 ar f\u00e1il, agus aird chu\u00ed a thabhairt ar an ng\u00e1 at\u00e1 le pr\u00edobh\u00e1ideacht. T\u00e1 amharc ar an tsr\u00e1id \u00f3 limist\u00e9ar in\u00e1itrithe inmhianaithe, agus ba cheart go n-\u00e9asc\u00f3dh su\u00edomhanna fuinneog radharc ar an sp\u00e1s seachtrach pr\u00edobh\u00e1ideach agus radharc ar an gceantar m\u00f3rthimpeall ar an teach. Go hid\u00e9alach ba cheart go mbeadh leaca fuinneoige faoi leibh\u00e9al s\u00fal daoine at\u00e1 ina su\u00ed.<\/p>\n\n<p>Go ginear\u00e1lta, ba cheart d\u00f3thain sp\u00e1is a chur ar f\u00e1il le haghaidh:<\/p>\n\n<ul class=\"wp-block-list\"><li>\u2022\tAn gn\u00e1thchine\u00e1l trosc\u00e1in, agus an gn\u00e1thshocr\u00fa trosc\u00e1in i ngach seomra<\/li><li>\u2022\tSaoirse gluaiseachta, oiri\u00fanach do na gn\u00edomha\u00edochta\u00ed a bheidh ar bun<\/li><li>\u2022\tP\u00edosa\u00ed m\u00f3ra trosc\u00e1in a bhogadh isteach i seomra\u00ed agus idir seomra\u00ed<\/li><li>\u2022\tSp\u00e1s d\u2019\u00f3c\u00e1id\u00ed teaghlaigh, cuairteoir\u00ed san \u00e1ireamh<\/li><li>\u2022\tLimist\u00e9ar oibre agus \u00e1iseanna st\u00f3r\u00e1la<\/li><li>\u2022\tLuascadh doirse nach gcuireann isteach ar dhoirse eile, trosc\u00e1n n\u00f3 beala\u00ed c\u00farsa\u00edochta<\/li><li>\u2022\tRadaitheoir\u00ed agus feistis eile a eagr\u00fa ar bhealach nach gcuireann srian le heagr\u00fa trosc\u00e1in i seomra.<\/li><\/ul>\n","protected":false},"featured_media":0,"parent":1821,"menu_order":58,"template":"","meta":{"_acf_changed":false,"inline_featured_image":false,"_monsterinsights_skip_tracking":false,"_monsterinsights_sitenote_active":false,"_monsterinsights_sitenote_note":"","_monsterinsights_sitenote_category":0,"_EventAllDay":false,"_EventTimezone":"","_EventStartDate":"","_EventEndDate":"","_EventStartDateUTC":"","_EventEndDateUTC":"","_EventShowMap":false,"_EventShowMapLink":false,"_EventURL":"","_EventCost":"","_EventCostDescription":"","_EventCurrencySymbol":"","_EventCurrencyCode":"","_EventCurrencyPosition":"","_EventDateTimeSeparator":"","_EventTimeRangeSeparator":"","_EventOrganizerID":[],"_EventVenueID":[],"_OrganizerEmail":"","_OrganizerPhone":"","_OrganizerWebsite":"","_VenueAddress":"","_VenueCity":"","_VenueCountry":"","_VenueProvince":"","_VenueState":"","_VenueZip":"","_VenuePhone":"","_VenueURL":"","_VenueStateProvince":"","_VenueLat":"","_VenueLng":"","_VenueShowMap":false,"_VenueShowMapLink":false,"footnotes":""},"class_list":["post-1813","topics","type-topics","status-publish","hentry"],"acf":[],"_links":{"self":[{"href":"https:\/\/agefriendlyhomes.ie\/ga\/wp-json\/wp\/v2\/topics\/1813","targetHints":{"allow":["GET"]}}],"collection":[{"href":"https:\/\/agefriendlyhomes.ie\/ga\/wp-json\/wp\/v2\/topics"}],"about":[{"href":"https:\/\/agefriendlyhomes.ie\/ga\/wp-json\/wp\/v2\/types\/topics"}],"version-history":[{"count":1,"href":"https:\/\/agefriendlyhomes.ie\/ga\/wp-json\/wp\/v2\/topics\/1813\/revisions"}],"predecessor-version":[{"id":1814,"href":"https:\/\/agefriendlyhomes.ie\/ga\/wp-json\/wp\/v2\/topics\/1813\/revisions\/1814"}],"up":[{"embeddable":true,"href":"https:\/\/agefriendlyhomes.ie\/ga\/wp-json\/wp\/v2\/topics\/1821"}],"wp:attachment":[{"href":"https:\/\/agefriendlyhomes.ie\/ga\/wp-json\/wp\/v2\/media?parent=1813"}],"curies":[{"name":"wp","href":"https:\/\/api.w.org\/{rel}","templated":true}]}}