{"id":1952,"date":"2021-02-16T20:50:22","date_gmt":"2021-02-16T20:50:22","guid":{"rendered":"https:\/\/agefriendlyhomes.ie\/topics\/bailte-a-oireann-do-dhaoine-aosta\/baile-a-oiriunu\/"},"modified":"2021-10-27T23:49:01","modified_gmt":"2021-10-27T22:49:01","slug":"baile-a-oiriunu","status":"publish","type":"topics","link":"https:\/\/agefriendlyhomes.ie\/ga\/\u00e1bhair\/bailte-a-oireann-do-dhaoine-aosta\/baile-a-oiriunu\/","title":{"rendered":"Baile a Oiri\u00fan\u00fa"},"content":{"rendered":"\n<p>Uaireanta b\u00edonn g\u00e1 ann teach at\u00e1 ann cheana f\u00e9in a athr\u00fa le bheith n\u00edos oiri\u00fana\u00ed agus n\u00edos comporda\u00ed maireacht\u00e1il ann de r\u00e9ir mar a th\u00e9imid in aois. <\/p>\n\n<p>Ina l\u00e1n c\u00e1sanna, \u00e9ir\u00edonn s\u00e9 deacair do dhaoine maireacht\u00e1il sa teach ina raibh siad ina gc\u00f3na\u00ed cuid mhaith d\u00e1 saol de r\u00e9ir mar a th\u00e9ann siad in aois. D\u2019fh\u00e9adfadh s\u00e9 a bheith ag teast\u00e1il athruihte a chur leis an teach le bheith n\u00edos s\u00e1bh\u00e1ilte agus n\u00edos comporda\u00ed ionas go mbeidh siad in ann fanacht ina gc\u00f3na\u00ed ann. Braitheann na hathruithe a bh\u00edonn ag teast\u00e1il sa ch\u00e1s ar leith ar an baile ar leith at\u00e1 i gceist agus ar an duine ar leith at\u00e1 ina ch\u00f3na\u00ed ann. <\/p>\n\n<p>Is pr\u00edomh-acmhainn\u00ed \u00e9 an Cl\u00e1r Tithe Aoisbh\u00e1\u00fala Foll\u00e1ine do dhaoine at\u00e1 ag smaoineamh a dteach a oiri\u00fan\u00fa. Sol\u00e1thra\u00edonn an cl\u00e1r seo rochtain ar Chomhordaitheoir Cl\u00e1r Tithe\u00a0 Aoisbh\u00e1\u00fala Foll\u00e1ine chun meas\u00fan\u00fa riachtanas a dh\u00e9anamh chun a fh\u00e1il amach c\u00e9n taca\u00edochta at\u00e1 ag teast\u00e1il le haghaidh ag maireacht\u00e1il go neamhspl\u00e9ach i do theach f\u00e9in a lean\u00faint ar aghaidh. Fobr\u00f3far plean taca\u00edochta bunaithe ar an meas\u00fan\u00fa seo. Is f\u00e9idir leis an gcomhordaitheoir eolas a chur ar f\u00e1il freisin ar do theach a oiri\u00fan\u00fa, deontais, agus taca\u00edochta c\u00faraim sl\u00e1inte agus s\u00f3isialta.<\/p>\n\n<p>Is f\u00e9idir le teiripeoir saothair comhairle a thabhairt maidir leis na hathruithe agus na mionathruithe at\u00e1 ag teast\u00e1il. Is f\u00e9idir teagmh\u00e1il a dh\u00e9anamh le teiripeoir saothair tr\u00edd an rann\u00f3g<a href=\"https:\/\/www.citizensinformation.ie\/en\/health\/health_services\/care_in_your_community\/community_care_services.html\" rel=\"noopener\"> ch\u00faraim phobail<\/a> san <a href=\"http:\/\/www.hse.ie\/eng\/services\/list\/1\/LHO\/\" rel=\"noopener\">Oifig um Shl\u00e1inte \u00c1iti\u00fail<\/a> i do cheantar f\u00e9in.<\/p>\n\n<p>D\u2019fh\u00e9adfadh go mbeadh ailtire ag teast\u00e1il chun cuidi\u00fa leis an obair oiri\u00fanaithe, chun an dearadh is oiri\u00fana\u00ed a chinneadh, agus chun comhairle a thabhairt maidir le costais agus cead plean\u00e1la. Is f\u00e9idir liosta ailtir\u00ed cl\u00e1raithe a fh\u00e1il ar <a href=\"https:\/\/www.riai.ie\/work-with-an-architect\/find-an-architect\/practice-directory\/35316761703\" rel=\"noopener\">eolaire ailtir\u00ed an RIAI<\/a><\/p>\n\n<p>T\u00e1 roinnt deontas at\u00e1 ar f\u00e1il chun teach a oiri\u00fan\u00fa. T\u00e1 tuilleadh faisn\u00e9ise ar f\u00e1il f\u00fathu ar an leathanach <a href=\"http:\/\/neo-devsite.tk\/topics\/grants-and-funding\/\" rel=\"noopener\">Deontais &amp; Maoini\u00fa<\/a>.<\/p>\n\n<p>Seo a leanas roinnt athruithe coitianta ar cheart iad a chur san \u00e1ireamh nuair a t\u00e1thar chun teach a oiri\u00fan\u00fa:<\/p>\n\n<ul class=\"wp-block-list\"><li>Doirse agus dorchla\u00ed a leathn\u00fa amach<\/li><li>\u2022\t    Lasca solais, hanla\u00ed doirse, cloig\u00edn\u00ed dorais agus f\u00f3in iontr\u00e1la a aistri\u00fa le bheith ar airde \u00e1isi\u00fail a oireann don duine<\/li><li>Greimr\u00e1ill\u00ed a shuite\u00e1il le haghaidh taca\u00edochta<\/li><li>\u00c1iseanna seomra folctha a oiri\u00fan\u00fa (mar shampla, an folcad\u00e1n a bhaint agus cith a shuite\u00e1il a bhfuil rochtain cothrom air)<\/li><li>\u00c1iseanna seomra folctha n\u00f3 seomra leapa a aistri\u00fa th\u00edos staighre go leibh\u00e9al na tal\u00fan<\/li><li>Rampa\u00ed a shuite\u00e1il chun c\u00e9imeanna a sheachaint<\/li><li>A chinnti\u00fa go bhfuil dromchla cothrom, daingean ar na beala\u00ed isteach agus amach taobh amuigh, d\u00e1la chos\u00e1n agus cabhs\u00e1n<\/li><li>Ardaitheoir staighre n\u00f3 ardaitheoir a shuite\u00e1il<\/li><li>\u2022\t    Trosc\u00e1n speisialaithe a fh\u00e1il, cos\u00fail le leaba inchoigeartaithe n\u00f3 cathaoireacha ard-taca\u00edochta<\/li><li>Feist\u00ed fol\u00e1irimh a shuite\u00e1il do dhuine at\u00e1 bodhar n\u00f3 a bhfuil moill \u00e9istigh air<\/li><\/ul>\n\n<h2 class=\"wp-block-heading\">An Beartas Plean\u00e1la agus Forbra\u00edochta\u00ed D\u00edolmhaithe<\/h2>\n\n<p>Teasta\u00edonn cead plean\u00e1la le haghaidh na forbra\u00edochta in \u00c9irinn, i bhformh\u00f3r c\u00e1sanna. Mar sin f\u00e9in, sa reachta\u00edocht phlean\u00e1la, ceada\u00edtear roinnt forbartha a dh\u00e9anamh gan g\u00e1 ann glacadh leis an bpr\u00f3iseas plean\u00e1la, rud a fh\u00e1gann gur f\u00e9idir forbairt den s\u00f3rt sin a dh\u00e9anamh n\u00edos gasta agus costas n\u00edos \u00edsle a bheith i gceist leis freisin. Tugtar an fhorbairt dh\u00edolmhaithe air.<\/p>\n\n<p>Is \u00e9ard at\u00e1 i gceist leis an bhforbairt dh\u00edolmhaithe n\u00e1 forbairt nach dteasta\u00edonn cead plean\u00e1la chun \u00ed a dh\u00e9anamh. T\u00e1 catag\u00f3ir\u00ed den fhorbairt dh\u00edolmhaithe leagtha amach sa dl\u00ed plean\u00e1la. De ghn\u00e1th, b\u00edonn tairseacha \u00e1irithe ann a bhaineann le, mar shampla, m\u00e9id na forbra\u00edochta n\u00f3 le hairde na forbra\u00edochta. Nuair a sh\u00e1ra\u00edtear na tairseacha sin, n\u00ed bh\u00edonn feidhm ag na d\u00edol\u00faint\u00ed a thuilleadh. Is \u00e9 cusp\u00f3ir na d\u00edol\u00faine n\u00e1 na rialuithe a sheachaint nuair is forbairt bheag at\u00e1 i gceist, mar shampla s\u00ednt\u00ed beaga le tithe.<\/p>\n\n<h4 class=\"wp-block-heading\"><h4>Cine\u00e1lacha den fhorbairt d\u00edolmhaithe a bhaineann le Tithe a thaca\u00edonn le Daoine Breacaosta<\/h4><\/h4>\n\n<p>S\u00ednt\u00ed baile &#8211; d\u00edolmhaithe m\u00e1s ar ch\u00fal an t\u00ed iad agus m\u00e1 chomhl\u00edonann siad na cinn\u00edollacha seo a leanas:<\/p>\n\n<ul class=\"wp-block-list\"><li>\u2022\tCeantar<ul><li>o\tn\u00ed mh\u00e9ada\u00edtear achar url\u00e1ir bunaidh an t\u00ed faoi n\u00edos m\u00f3 n\u00e1 40 m\u00e9adar cearnacha;&#13;\n<\/li><li>o\ti gc\u00e1s tithe sraithe n\u00f3 leathscoite, n\u00ed m\u00f3 achar url\u00e1ir aon s\u00edneadh nach ar leibh\u00e9al na tal\u00fan \u00e9 thar 12 mh\u00e9adar cearnach;<\/li><li>o\taon s\u00edneadh at\u00e1 d\u00e9anta n\u00edos airde n\u00e1 leibh\u00e9al na tal\u00fan, t\u00e1 s\u00e9 2m \u00f3 aon teorainn, ar a laghad;<\/li><li>o\tn\u00edl aon s\u00edneadh a dh\u00e9antar n\u00edos airde n\u00e1 an teach;<\/li><li>o\tn\u00ed laghda\u00edonn aon s\u00edneadh achar an sp\u00e1is oscailte phr\u00edobh\u00e1idigh, at\u00e1 curtha in \u00e1irithe d\u2019\u00e1ititheoir\u00ed an t\u00ed, go dt\u00ed n\u00edos l\u00fa n\u00e1 25 m\u00e9adar cearnach.<\/li><\/ul><\/li><li>\u2022\tAirde:<ul><li>o\tmura bhfuil binn t\u00ed i mballa c\u00fail an t\u00ed, n\u00edor ch\u00f3ir go mbeadh airde bhalla\u00ed an s\u00ednte n\u00edos airde n\u00e1 airde bhalla ch\u00fal an t\u00ed;<\/li><li>o\tm\u00e1s s\u00edneadh d\u00edon cothrom at\u00e1 i gceist, n\u00ed f\u00e9idir airde an chuid is airde den d\u00edon a bheith n\u00edos airde n\u00e1 airde na sceimhleacha n\u00f3 airde na huchtbhalla. In aon ch\u00e1s eile, n\u00ed f\u00e9idir aon chuid den d\u00edon nua a bheith n\u00edos airde n\u00e1 an chuid is airde de dh\u00edon an t\u00ed;<\/li><\/ul><\/li><li>\u2022\tFuinneoga;<ul><li>o\tn\u00edor ch\u00f3ir aon fhuinneoga at\u00e1 beartaithe do leibh\u00e9al na tal\u00fan mar chuid de sh\u00edneadh n\u00edos l\u00fa n\u00e1 1 mh\u00e9adar \u00f3n teorainn at\u00e1 rompu;<\/li><li>o\tn\u00edor ch\u00f3ir aon fhuinneoga at\u00e1 beartaithe do leibh\u00e9al n\u00edos airde n\u00e1 leibh\u00e9al na tal\u00fan a bheith n\u00edos l\u00fa n\u00e1 11 mh\u00e9adar \u00f3n teorainn at\u00e1 rompu;<\/li><li>o\tn\u00edor cheart d\u00edon ar aon s\u00edneadh den s\u00f3rt sin a \u00fas\u00e1id mar bhalc\u00f3in n\u00f3 mar ghaird\u00edn d\u00edn.<\/li><\/ul><\/li><li>\u2022\tGar\u00e1iste tiontaithe<ul><li>o\tDe ghn\u00e1th, is d\u00edol\u00faine d\u00edolmhaithe at\u00e1 i gceist gar\u00e1iste, st\u00f3r, seid srl. a thiont\u00fa lena h\u00fas\u00e1id mar chuid de theach (m.sh. mar sheomra su\u00ed n\u00f3 seomra leapa) nuair at\u00e1 s\u00e9 ceangailte ar ch\u00fal n\u00f3 ar thaobh t\u00ed, faoi r\u00e9ir na teorann agus na gcoinn\u00edollacha 40 m\u00e9adar cearnach mar at\u00e1 leagtha amach thuas.<\/li><\/ul><\/li><li>\u2022\tAthruithe taobh istigh, deisi\u00fach\u00e1in agus cothabh\u00e1il taobh amuigh<ul><li>o\tIs f\u00e9idir aon athr\u00fa a theasta\u00edonn uait a dh\u00e9anamh sa taobh istigh chomh fada agus nach n-athra\u00edonn t\u00fa \u00fas\u00e1id an t\u00ed mar bhaile. N\u00ed g\u00e1 cead plean\u00e1la a bheith ag teast\u00e1il le haghaidh oibreacha deisi\u00fach\u00e1n, cothabh\u00e1la agus feabhs\u00fach\u00e1in taobh amuigh cos\u00fail leis an bp\u00e9int\u00e9ireacht n\u00f3 athphlastr\u00e1il fad is nach mb\u00edonn tionchar \u00e1bhartha aige ar an gcuma ar thaobh amuigh an t\u00ed, rud a fh\u00e1gfadh nach mbeadh an chuma air ar aon dul leis an gcuma ar na tithe eile sa chomharsanacht.<\/li><\/ul><\/li><\/ul>\n","protected":false},"featured_media":0,"parent":1833,"menu_order":11,"template":"","meta":{"_acf_changed":false,"inline_featured_image":false,"_monsterinsights_skip_tracking":false,"_monsterinsights_sitenote_active":false,"_monsterinsights_sitenote_note":"","_monsterinsights_sitenote_category":0,"_EventAllDay":false,"_EventTimezone":"","_EventStartDate":"","_EventEndDate":"","_EventStartDateUTC":"","_EventEndDateUTC":"","_EventShowMap":false,"_EventShowMapLink":false,"_EventURL":"","_EventCost":"","_EventCostDescription":"","_EventCurrencySymbol":"","_EventCurrencyCode":"","_EventCurrencyPosition":"","_EventDateTimeSeparator":"","_EventTimeRangeSeparator":"","_EventOrganizerID":[],"_EventVenueID":[],"_OrganizerEmail":"","_OrganizerPhone":"","_OrganizerWebsite":"","_VenueAddress":"","_VenueCity":"","_VenueCountry":"","_VenueProvince":"","_VenueState":"","_VenueZip":"","_VenuePhone":"","_VenueURL":"","_VenueStateProvince":"","_VenueLat":"","_VenueLng":"","_VenueShowMap":false,"_VenueShowMapLink":false,"footnotes":""},"class_list":["post-1952","topics","type-topics","status-publish","hentry"],"acf":[],"_links":{"self":[{"href":"https:\/\/agefriendlyhomes.ie\/ga\/wp-json\/wp\/v2\/topics\/1952","targetHints":{"allow":["GET"]}}],"collection":[{"href":"https:\/\/agefriendlyhomes.ie\/ga\/wp-json\/wp\/v2\/topics"}],"about":[{"href":"https:\/\/agefriendlyhomes.ie\/ga\/wp-json\/wp\/v2\/types\/topics"}],"version-history":[{"count":2,"href":"https:\/\/agefriendlyhomes.ie\/ga\/wp-json\/wp\/v2\/topics\/1952\/revisions"}],"predecessor-version":[{"id":1965,"href":"https:\/\/agefriendlyhomes.ie\/ga\/wp-json\/wp\/v2\/topics\/1952\/revisions\/1965"}],"up":[{"embeddable":true,"href":"https:\/\/agefriendlyhomes.ie\/ga\/wp-json\/wp\/v2\/topics\/1833"}],"wp:attachment":[{"href":"https:\/\/agefriendlyhomes.ie\/ga\/wp-json\/wp\/v2\/media?parent=1952"}],"curies":[{"name":"wp","href":"https:\/\/api.w.org\/{rel}","templated":true}]}}