{"id":1954,"date":"2021-02-16T21:34:41","date_gmt":"2021-02-16T21:34:41","guid":{"rendered":"https:\/\/agefriendlyhomes.ie\/topics\/bailte-a-oireann-do-dhaoine-aosta\/coigeartu-meide\/"},"modified":"2021-10-27T23:45:07","modified_gmt":"2021-10-27T22:45:07","slug":"coigeartu-meide","status":"publish","type":"topics","link":"https:\/\/agefriendlyhomes.ie\/ga\/\u00e1bhair\/bailte-a-oireann-do-dhaoine-aosta\/coigeartu-meide\/","title":{"rendered":"Coigeart\u00fa M\u00e9ide"},"content":{"rendered":"\n<p>B\u2019fh\u00e9idir go mbeadh daoine \u00e1irithe ag iarraidh coigeart\u00fa m\u00e9ide a dh\u00e9anamh (laghd\u00fa) mura gcomhl\u00edonann an teach ina bhfuil siad ag maireacht\u00e1il a gcuid riachtanas faoi l\u00e1thair, n\u00f3 sa todhcha\u00ed. M\u00e1s \u00e9 seo an c\u00e1s f\u00e9adfaidh siad roghn\u00fa bogadh chuig \u00e1it at\u00e1 n\u00edos oiri\u00fana\u00ed.<\/p>\n\n<p>T\u00e1 treoir curtha le ch\u00e9ile ag Aoisbh\u00e1 \u00c9ireann maidir le coigeart\u00fa m\u00e9ide, \u00f3 oiri\u00fan\u00fa an t\u00ed go bogadh go c\u00f3ir\u00edocht n\u00edos oiri\u00fana\u00ed. T\u00e1 rann\u00e1n ann faoi na ruda\u00ed is ceart a dh\u00e9anamh agus na ruda\u00ed n\u00e1r cheart a dh\u00e9anamh agus c\u00e9imeanna le glacadh ag brath ar an rogha a roghn\u00f3far. Is f\u00e9idir teacht ar an treoir seo anseo.<\/p>\n\n<p>Is pr\u00edomh-acmhainn\u00ed \u00e9 an Cl\u00e1r Tithe Aoisbh\u00e1\u00fala Foll\u00e1ine do dhaoine at\u00e1 ag smaoineamh faoi choigeart\u00fa m\u00e9ide. Sol\u00e1thra\u00edonn an cl\u00e1r seo rochtain ar Chomhordaitheoir Cl\u00e1r Tithe\u00a0 Aoisbh\u00e1\u00fala Foll\u00e1ine chun meas\u00fan\u00fa riachtanas a dh\u00e9anamh chun a fh\u00e1il amach c\u00e9n taca\u00edochta at\u00e1 ag teast\u00e1il le haghaidh ag maireacht\u00e1il go neamhspl\u00e9ach\u00a0 i do theach f\u00e9in a lean\u00faint ar aghaidh. Fobr\u00f3far plean taca\u00edochta bunaithe ar an meas\u00fan\u00fa seo. Is f\u00e9idir leis an gcomhordaitheoir eolas a chur ar f\u00e1il freisin ar do theach a oiri\u00fan\u00fa, deontais, agus taca\u00edochta c\u00faraim sl\u00e1inte agus s\u00f3isialta.<\/p>\n\n<p>T\u00e1 beartais coigeartaithe m\u00e9ide ag go leor \u00fadar\u00e1s \u00e1iti\u00fail in \u00c9irinn chun tac\u00fa le daoine rochtain a fh\u00e1il ar sc\u00e9imeanna tith\u00edochta a thaca\u00edonn le haois ina gceantar f\u00e9in. D\u2019fh\u00e9adfadh go mbeadh an tith\u00edocht seo ar f\u00e1il do thion\u00f3nta\u00ed reatha tith\u00edochta s\u00f3isialta an \u00fadar\u00e1is \u00e1iti\u00fail, do chomhlacht tith\u00edochta ceadaithe, n\u00f3 d\u00f3ibh si\u00fad at\u00e1 inch\u00e1ilithe do thith\u00edocht sh\u00f3isialta. De rogha air sin, d\u00f3ibh si\u00fad ar leo a dteach c\u00f3naithe d\u2019fh\u00e9adfadh go mbeadh siad inch\u00e1ilithe tr\u00ed sc\u00e9imeanna rann\u00edoca\u00edochta airgeadais an \u00fadar\u00e1is \u00e1iti\u00fail (nuair at\u00e1 siad ag feidhmi\u00fa). Le haghaidh tuilleadh faisn\u00e9ise f\u00e9ach <a href=\"https:\/\/www.gov.ie\/en\/publication\/942f74-local-authorities\/\" rel=\"noopener\">l\u00e1ithre\u00e1n gr\u00e9as\u00e1in an \u00fadar\u00e1is \u00e1iti\u00fail.<\/a><\/p>\n","protected":false},"featured_media":0,"parent":1833,"menu_order":7,"template":"","meta":{"_acf_changed":false,"inline_featured_image":false,"_monsterinsights_skip_tracking":false,"_monsterinsights_sitenote_active":false,"_monsterinsights_sitenote_note":"","_monsterinsights_sitenote_category":0,"_EventAllDay":false,"_EventTimezone":"","_EventStartDate":"","_EventEndDate":"","_EventStartDateUTC":"","_EventEndDateUTC":"","_EventShowMap":false,"_EventShowMapLink":false,"_EventURL":"","_EventCost":"","_EventCostDescription":"","_EventCurrencySymbol":"","_EventCurrencyCode":"","_EventCurrencyPosition":"","_EventDateTimeSeparator":"","_EventTimeRangeSeparator":"","_EventOrganizerID":[],"_EventVenueID":[],"_OrganizerEmail":"","_OrganizerPhone":"","_OrganizerWebsite":"","_VenueAddress":"","_VenueCity":"","_VenueCountry":"","_VenueProvince":"","_VenueState":"","_VenueZip":"","_VenuePhone":"","_VenueURL":"","_VenueStateProvince":"","_VenueLat":"","_VenueLng":"","_VenueShowMap":false,"_VenueShowMapLink":false,"footnotes":""},"class_list":["post-1954","topics","type-topics","status-publish","hentry"],"acf":[],"_links":{"self":[{"href":"https:\/\/agefriendlyhomes.ie\/ga\/wp-json\/wp\/v2\/topics\/1954","targetHints":{"allow":["GET"]}}],"collection":[{"href":"https:\/\/agefriendlyhomes.ie\/ga\/wp-json\/wp\/v2\/topics"}],"about":[{"href":"https:\/\/agefriendlyhomes.ie\/ga\/wp-json\/wp\/v2\/types\/topics"}],"version-history":[{"count":2,"href":"https:\/\/agefriendlyhomes.ie\/ga\/wp-json\/wp\/v2\/topics\/1954\/revisions"}],"predecessor-version":[{"id":1959,"href":"https:\/\/agefriendlyhomes.ie\/ga\/wp-json\/wp\/v2\/topics\/1954\/revisions\/1959"}],"up":[{"embeddable":true,"href":"https:\/\/agefriendlyhomes.ie\/ga\/wp-json\/wp\/v2\/topics\/1833"}],"wp:attachment":[{"href":"https:\/\/agefriendlyhomes.ie\/ga\/wp-json\/wp\/v2\/media?parent=1954"}],"curies":[{"name":"wp","href":"https:\/\/api.w.org\/{rel}","templated":true}]}}