{"id":1985,"date":"2021-02-17T15:41:41","date_gmt":"2021-02-17T15:41:41","guid":{"rendered":"https:\/\/agefriendlyhomes.ie\/topics\/an-beartas-an-phleanail-agus-rialachain-foirgniochta\/beartas\/"},"modified":"2021-11-01T15:15:32","modified_gmt":"2021-11-01T15:15:32","slug":"beartas","status":"publish","type":"topics","link":"https:\/\/agefriendlyhomes.ie\/ga\/\u00e1bhair\/an-beartas-an-phleanail-agus-rialachain-foirgniochta\/beartas\/","title":{"rendered":"Beartas"},"content":{"rendered":"\n<h3 class=\"wp-block-heading\">Roghanna Tith\u00edochta d\u00e1r nDaonra at\u00e1 ag Aos\u00fa-Comhr\u00e1iteas Beartais<\/h3>\n\n<p>Ar an 27 Feabhra 2019, sheol an Roinn Tith\u00edochta, Rialtais \u00c1iti\u00fail agus Oidhreachta agus an Roinn Sl\u00e1inte comhr\u00e1iteas beartais dar teideal Roghanna Tith\u00edochta d\u00e1r nDaonra at\u00e1 ag Aos\u00fa. Ullmha\u00edodh an comhr\u00e1iteas beartais ag f\u00e9achaint do thaighde at\u00e1 d\u00e9anta a l\u00e9ir\u00edonn go bhfuil daonra na h\u00c9ireann ag aos\u00fa agus faoi mbliain 2051 meastar go mbeidh thart ar 1.6 milli\u00fan duine at\u00e1 n\u00edos sine n\u00e1 65 bliain d\u2019aois ina gc\u00f3na\u00ed in \u00c9irinn. <\/p>\n\n<div class=\"wp-block-image\"><figure class=\"aligncenter size-large is-resized\"><a href=\"https:\/\/assets.gov.ie\/9398\/ca553fa753b64f14b20e4a8dcf9a46ab.pdf\" rel=\"noopener\"><img loading=\"lazy\" decoding=\"async\" src=\"https:\/\/agefriendlyhomes.ie\/wp-content\/uploads\/2021\/02\/Policy-cover.png\" alt=\"\" class=\"wp-image-1041\" width=\"274\" height=\"388\" srcset=\"https:\/\/agefriendlyhomes.ie\/wp-content\/uploads\/2021\/02\/Policy-cover.png 473w, https:\/\/agefriendlyhomes.ie\/wp-content\/uploads\/2021\/02\/Policy-cover-288x408.png 288w\" sizes=\"auto, (max-width: 274px) 100vw, 274px\" \/><\/a><\/figure><\/div>\n\n<p><\/p>\n\n<p><p>Sol\u00e1thra\u00edtear in \u2018<a href=\"about:blank\" data-mce-href=\"about:blank\">Roghanna Tith\u00edochta d\u00e1r nDaonra at\u00e1 ag Aos\u00fa\u2019<\/a> creat a chabhra\u00edonn leis an Rialtas roghanna tith\u00edochta do dhaoine scothaosta a \u00e9asc\u00fa agus a chur chun cinn, lena n-\u00e1ir\u00edtear tith\u00edocht le taca\u00edocht, taca\u00edonn s\u00e9 freisin le bearta a bhun\u00fa lena chinnti\u00fa go bhfuil tith\u00edocht inbhuanaithe (le taca\u00edochta\u00ed m\u00e1s g\u00e1) \u00e1 cur ar f\u00e1il sna su\u00edomhanna cearta chun cur ar chumas daoine scothaosta maireacht\u00e1il ina bpobal f\u00e9in m\u00e1s \u00e9 sin a rogha.<\/p><\/p>\n\n<p>Sonra\u00edtear sa bheartas 40 Gn\u00edomh Tosa\u00edochta ina gcuims\u00edtear s\u00e9 phrionsabal bhun\u00fasacha at\u00e1 bunaithe ar thaighde suntasach a rinneadh maidir le riachtanais daoine scothaosta ar a bhfuil an phlean\u00e1il strait\u00e9iseach sa doicim\u00e9ad bunaithe. Seo a leanas na prionsabail at\u00e1 i gceist:<\/p>\n\n<ul class=\"wp-block-list\"><li>.\u2022\tBearta a bhun\u00fa lena chinnti\u00fa go bhfuil tith\u00edocht inbhuanaithe \u00e1 sol\u00e1thar san \u00e1it cheart chun cur ar chumas daoine at\u00e1 ag dul in aois fanacht ina bpobal f\u00e9in<\/li><li>\u2022\tBeartas agus cur chun feidhme a fhr\u00e1m\u00fa lena chinnti\u00fa go dtaca\u00edonn siad le hathnuachan agus le hathghini\u00faint l\u00e1rionad uirbeach<\/li><li>\u2022\tTith\u00edocht agus an timpeallacht a dhearadh de r\u00e9ir na bprionsabal a bhaineann le tith\u00edocht inbhuanaithe ar feadh an tsaoil<\/li><li>\u2022\tTac\u00fa le h\u00fas\u00e1id a bhaint as teicneola\u00edocht ch\u00fanta chun tac\u00fa le daoine maireacht\u00e1il go neamhsple\u00e1ch<\/li><li>\u2022\tA chinnti\u00fa go bhfuil breithni\u00fa mar is cu\u00ed \u00e1 dh\u00e9anamh ar an ng\u00e1 at\u00e1 le nascacht sh\u00f3isialta i nd\u00e1il le beartas a fhorbairt <\/li><li>\u2022\tOibri\u00fa i gcomhph\u00e1irt le gach p\u00e1irt\u00ed leasmhar chun na cusp\u00f3ir\u00ed beartais a chomhl\u00edonadh<\/li><\/ul>\n\n<h4 class=\"wp-block-heading\">Gr\u00fapa Forfheidhmithe<\/h4>\n\n<p>I Me\u00e1n F\u00f3mhair 2019 buna\u00edodh Gr\u00fapa Forfheidhmithe chun maoirseacht a dh\u00e9anamh ar na Gn\u00edomhartha agus p\u00e1irteach ann t\u00e1 baill \u00f3n d\u00e1 Roinn, Feidhmeannacht na Seirbh\u00edse Sl\u00e1inte, \u00dadar\u00e1is \u00c1iti\u00fala agus p\u00e1irtithe leasmhara \u00e1bhartha.  I bhfianaise l\u00edon m\u00f3r Gn\u00edomhartha a gcuims\u00edtear iontu l\u00edon suntasach gn\u00edomhaireachta\u00ed, buna\u00edodh ceithre fhoghr\u00fapa chun scr\u00fad\u00fa a dh\u00e9anamh ar Ghn\u00edomhartha sonracha \u00f3n r\u00e1iteas beartais faoi shruthanna oibre sonracha. <\/p>\n\n<p><p>T\u00e1 dh\u00e1 thuarasc\u00e1il foilsithe ag an nGr\u00fapa Forfheidhmithe at\u00e1 ar f\u00e1il <a href=\"about:blank\" data-mce-href=\"about:blank\">anseo<\/a>. Sonra\u00edtear iontu an obair at\u00e1 \u00e1 cur i gcr\u00edch ag an nGr\u00fapa Forfheidhmithe agus ag na Foghr\u00fapa\u00ed go dt\u00ed deireadh mh\u00ed an Mheithimh 2020.\u00a0\u00a0 T\u00e1 na Gr\u00fapa\u00ed ag lean\u00faint lena gcuid oibre agus foilseofar an tr\u00ed\u00fa tuarasc\u00e1il in 2021.<\/p><\/p>\n\n<h3 class=\"wp-block-heading\">Tith\u00edocht do Ch\u00e1ch (2021)<\/h3>\n\n<p>As seo go ceann c\u00faig bliana t\u00e1 an Rialtas tiomanta do:<\/p>\n\n<ul class=\"wp-block-list\"><li>\u2022\tInacmhainneacht a chur ag cro\u00edl\u00e1r an ch\u00f3rais tith\u00edochta<\/li><li>\u2022\tT\u00fas \u00e1ite a thabhairt do shol\u00e1thar m\u00e9adaithe tithe poibl\u00ed, s\u00f3isialta agus inacmhainne;<\/li><li>\u2022\tDl\u00fas a chur le sc\u00e9im ceannach\u00e1in tithe inacmhainne a bhfuil an St\u00e1t ag tac\u00fa l\u00e9i chun \u00fain\u00e9ireacht tithe a spreagadh;<\/li><li>\u2022\t50,000 teach a chur leis an stoc tith\u00edochta s\u00f3isialta, agus b\u00e9im a leagan ar thithe nua a th\u00f3g\u00e1il;<\/li><li>\u2022\tD\u00e9ile\u00e1il le heaspa d\u00eddine;<\/li><li>\u2022\tA chinnti\u00fa go bhfuil r\u00f3l l\u00e1rnach ag \u00fadar\u00e1is \u00e1iti\u00fala i sol\u00e1thar tith\u00edochta;<\/li><li>\u2022\tOibri\u00fa leis an earn\u00e1il phr\u00edobh\u00e1ideach lena chinnti\u00fa go bhfuil measc\u00e1n agus cine\u00e1l oiri\u00fanach tith\u00edochta \u00e1 sol\u00e1thar ar fud na t\u00edre; agus<\/li><li>\u2022\tSol\u00e1thar agus inacmhainneacht c\u00f3ir\u00edocht ch\u00edosa agus sl\u00e1ine tion\u00f3ntachta do ch\u00edosaithe.<\/li><\/ul>\n\n<p><p>Chun na gealltanais seo a chur i gcr\u00edch, t\u00e1 t\u00fas curtha ag an Roinn Tith\u00edochta, Rialtais \u00c1iti\u00fail agus Oidhreachta leis an bpr\u00f3iseas a bhaineann le f\u00eds nua a dhr\u00e9acht\u00fa a thiocfaidh in ionad <em>At\u00f3g\u00e1il \u00c9ireann<\/em> a bhfuiltear ag s\u00fail a fhoilseofar i l\u00e1r na bliana. Cos\u00fail leis an gcaibidil i gCl\u00e1r an Rialtais, \u2018<em>Tith\u00edocht do Ch\u00e1ch\u2019 <\/em>a thabharfar air.<\/p><\/p>\n\n<p><p>Ionas go mbeidh <em>Tith\u00edocht do Ch\u00e1ch<\/em> in ann difr\u00edocht a dh\u00e9anamh ag an sc\u00e1la riachtanach, t\u00e1 s\u00e9 \u00e1 fhorbairt bunaithe ar chur chuige uile-Rialtais agus t\u00e1 an Roinn ag obair ar bhonn gn\u00edomhach leis na pr\u00edomh-Ranna chun an r\u00e1iteas beartais seo a chur i gcr\u00edch agus an plean gn\u00edomha\u00edochta n\u00edos d\u00e9ana\u00ed sa bhliain.<\/p><\/p>\n\n<h3 class=\"wp-block-heading\"><h3>At\u00f3g\u00e1il \u00c9ireann<\/h3><\/h3>\n\n<p><p>Is plean Rialtais c\u00faig bliana \u00e9 <a href=\"about:blank\" data-mce-href=\"about:blank\">At\u00f3g\u00e1il \u00c9ireann-Plean Gn\u00edomha\u00edochta um Thith\u00edocht agus Easpa D\u00eddine<\/a> a foils\u00edodh i m\u00ed I\u00fail 2016.<\/p><\/p>\n\n<h4 class=\"wp-block-heading\"><h4>At\u00f3g\u00e1il \u00c9ireann agus Daoine Scothaosta<\/h4><\/h4>\n\n<p>Leagtar b\u00e9im an athuair in At\u00f3g\u00e1il \u00c9ireann ar bheartas an Rialtais tac\u00fa le daoine scothaosta maireacht\u00e1il le d\u00ednit agus go neamhsple\u00e1ch i dtithe agus i bpobail d\u00e1 rogha f\u00e9in chomh fada agus is f\u00e9idir leo. Chomh maith leis sin, sainaithn\u00edtear ann go gcrutha\u00edonn aos\u00fa dhaonra na h\u00c9ireann d\u00fashl\u00e1in do bheartas poibl\u00ed a bhaineann le tith\u00edocht, sl\u00e1inte, plean\u00e1il uirbeach agus tuaithe agus tugtar gealltanas ann cur leis an raon taca\u00edochta\u00ed tith\u00edochta at\u00e1 ar f\u00e1il do dhaoine scothaosta, lena n-\u00e1ir\u00edtear tith\u00edocht le taca\u00edochta\u00ed.<\/p>\n\n<p> D\u00e9antar cur s\u00edos i nGn\u00edomhartha 2.16 &#8211; 2.19 ar conas a chuirfear \u00e9 seo i gcr\u00edch tr\u00ed shamhlacha dea-chleachtais, lena n-\u00e1ir\u00edtear nu\u00e1la\u00edocht i ndearadh agus i dteicneola\u00edochta\u00ed nua agus maoini\u00fa deontais a chur ar f\u00e1il chun tithe at\u00e1 t\u00f3gtha cheana f\u00e9in a oiri\u00fan\u00fa.  Forbra\u00edodh an Comhr\u00e1iteas Beartais Roghanna Tith\u00edochta d\u00e1r nDaonra at\u00e1 ag Aos\u00fa chun creat a bhun\u00fa chun na cusp\u00f3ir\u00ed at\u00e1 sonraithe i nGn\u00edomhartha At\u00f3g\u00e1il \u00c9ireann a chomhl\u00edonadh.<\/p>\n\n<p><p>T\u00e1 tuilleadh eolais maidir le At\u00f3g\u00e1il \u00c9ireann le f\u00e1il ar <a href=\"about:blank\" data-mce-href=\"about:blank\">www.rebuildingireland.ie<\/a><\/p><\/p>\n\n<h3 class=\"wp-block-heading\">Cl\u00e1r an Rialtais<\/h3>\n\n<p><h3><br\/><\/h3><p>Sol\u00e1thra\u00edtear in <a href=\"about:blank\" data-mce-href=\"about:blank\">An Cl\u00e1r Rialtais (2020)<\/a> gealltanas maidir le h\u00c9irinn at\u00e1 Aoisbh\u00e1\u00fail, a thugann aitheantas do chaidreamh at\u00e1 idir tith\u00edocht agus sl\u00e1inte. Aithn\u00edtear ann gur cheart do thith\u00edocht, \u00e1it ar f\u00e9idir, an rogha at\u00e1 ar f\u00e1il a fheabhs\u00fa agus cur ar chumas daoine scothaosta fanacht ina gc\u00f3na\u00ed ina bpobail f\u00e9in, gar d\u00e1 dteaghlaigh agus l\u00edonra taca\u00edochta, fad is at\u00e1 tairbhe \u00e1 baint acu as c\u00faram sl\u00e1inte agus s\u00f3isialta. Tugtar tiomantas ann cur leis an rogha tith\u00edochta at\u00e1 ar f\u00e1il do dhaoine scothaosta chun deis a thabhairt d\u00f3ibh &#8220;Aos\u00fa ina n\u00c1it F\u00e9in&#8221; m\u00e1s f\u00e9idir.<\/p><\/p>\n\n<h3 class=\"wp-block-heading\">Sl\u00e1intecare<\/h3>\n\n<p>Is f\u00eds nua don tseirbh\u00eds sl\u00e1inte in \u00c9irinn \u00e9 Sl\u00e1intecare. T\u00e1 s\u00e9 mar aidhm le cl\u00e1r Sl\u00e1intecare c\u00f3ras c\u00faraim sl\u00e1inte agus sh\u00f3isialta leibh\u00e9al amh\u00e1in a shol\u00e1thar a bheidh ar f\u00e1il do ch\u00e1ch bunaithe ar riachtanas n\u00ed ar chumas \u00edoc as seirbh\u00eds\u00ed. D\u00edr\u00edonn Sl\u00e1intecare ar ch\u00faram sl\u00e1inte agus s\u00f3isialta a chur ar f\u00e1il san \u00e1it cheart ag an am ceart, agus leagtar b\u00e9im ar sheirbh\u00eds\u00ed pr\u00edomh\u00fala agus pobail. <\/p>\n\n<p><p>Is tionscnamh \u00e9 agus maoinithe ag Sl\u00e1intecare, an Cl\u00e1r Tithe Aoisbh\u00e1\u00fala Foll\u00e1ine, at\u00e1 d\u00edrithe ar dhaoine aosta agus chun iad a chur ar a gcumas ag maireacht\u00e1il go neamhsple\u00e1ch ina gcuid dtithe f\u00e9in a lean\u00faint ar aghaidh ,n\u00f3 i dteach at\u00e1 n\u00edos oiri\u00fana\u00ed de r\u00e9ir a gcuid riachtanais, ag maireacht\u00e1il le neamhsple\u00e1chas, bheith cuid den phobal iad, agus taca\u00edocht a thabhairt le haghaidh iontr\u00e1il roimh r\u00e9 chuig c\u00faram altranais go fadthr\u00e9imseach a sheachaint. Is f\u00e9idir leat tuilleadh eolais a fh\u00e1il faoi chl\u00e1r seo tr\u00edd leathanach gr\u00e9as\u00e1in Tithe Aoisbh\u00e1\u00fala Foll\u00e1ine.<\/p><\/p>\n\n<p>T\u00e1 tuilleadh eolais maidir le Sl\u00e1intecare le f\u00e1il sna hacmhainn\u00ed th\u00edos:<\/p>\n\n<ul class=\"wp-block-list\"><li><ul><li><a href=\"about:blank\" data-mce-href=\"about:blank\">Su\u00edomh gr\u00e9as\u00e1in na Roinne Sl\u00e1inte &#8211; Maidir le Sl\u00e1intecare<\/a><\/li><\/ul><\/li><li><ul><li><a href=\"about:blank\" data-mce-href=\"about:blank\">Tuarasc\u00e1il Sl\u00e1intecare Bealtaine 2017<\/a><\/li><\/ul><\/li><li><ul><li><a href=\"about:blank\" data-mce-href=\"about:blank\">Strait\u00e9is Forfheidhmithe Sl\u00e1intecare<\/a><\/li><\/ul><\/li><li><ul><li><a href=\"about:blank\" data-mce-href=\"about:blank\">Strait\u00e9is Forfheidhmithe &amp; Plean Gn\u00edomha\u00edochta Sl\u00e1intecare 2021 &#8211; 2023<\/a><\/li><\/ul><\/li><li><ul><li><a href=\"about:blank\" data-mce-href=\"about:blank\">Plean Gn\u00edomha\u00edochta Sl\u00e1intecare 2019<\/a><\/li><\/ul><\/li><\/ul>\n","protected":false},"featured_media":3550,"parent":1678,"menu_order":80,"template":"","meta":{"_acf_changed":false,"inline_featured_image":false,"_monsterinsights_skip_tracking":false,"_monsterinsights_sitenote_active":false,"_monsterinsights_sitenote_note":"","_monsterinsights_sitenote_category":0,"_EventAllDay":false,"_EventTimezone":"","_EventStartDate":"","_EventEndDate":"","_EventStartDateUTC":"","_EventEndDateUTC":"","_EventShowMap":false,"_EventShowMapLink":false,"_EventURL":"","_EventCost":"","_EventCostDescription":"","_EventCurrencySymbol":"","_EventCurrencyCode":"","_EventCurrencyPosition":"","_EventDateTimeSeparator":"","_EventTimeRangeSeparator":"","_EventOrganizerID":[],"_EventVenueID":[],"_OrganizerEmail":"","_OrganizerPhone":"","_OrganizerWebsite":"","_VenueAddress":"","_VenueCity":"","_VenueCountry":"","_VenueProvince":"","_VenueState":"","_VenueZip":"","_VenuePhone":"","_VenueURL":"","_VenueStateProvince":"","_VenueLat":"","_VenueLng":"","_VenueShowMap":false,"_VenueShowMapLink":false,"footnotes":""},"class_list":["post-1985","topics","type-topics","status-publish","has-post-thumbnail","hentry"],"acf":[],"_links":{"self":[{"href":"https:\/\/agefriendlyhomes.ie\/ga\/wp-json\/wp\/v2\/topics\/1985","targetHints":{"allow":["GET"]}}],"collection":[{"href":"https:\/\/agefriendlyhomes.ie\/ga\/wp-json\/wp\/v2\/topics"}],"about":[{"href":"https:\/\/agefriendlyhomes.ie\/ga\/wp-json\/wp\/v2\/types\/topics"}],"version-history":[{"count":2,"href":"https:\/\/agefriendlyhomes.ie\/ga\/wp-json\/wp\/v2\/topics\/1985\/revisions"}],"predecessor-version":[{"id":1990,"href":"https:\/\/agefriendlyhomes.ie\/ga\/wp-json\/wp\/v2\/topics\/1985\/revisions\/1990"}],"up":[{"embeddable":true,"href":"https:\/\/agefriendlyhomes.ie\/ga\/wp-json\/wp\/v2\/topics\/1678"}],"wp:featuredmedia":[{"embeddable":true,"href":"https:\/\/agefriendlyhomes.ie\/ga\/wp-json\/wp\/v2\/media\/3550"}],"wp:attachment":[{"href":"https:\/\/agefriendlyhomes.ie\/ga\/wp-json\/wp\/v2\/media?parent=1985"}],"curies":[{"name":"wp","href":"https:\/\/api.w.org\/{rel}","templated":true}]}}